{"id":268,"date":"2022-02-07T18:26:29","date_gmt":"2022-02-07T17:26:29","guid":{"rendered":"http:\/\/www.solidarnosc.org.pl\/ksn\/?page_id=268"},"modified":"2023-01-03T17:27:11","modified_gmt":"2023-01-03T16:27:11","slug":"uchwaly-ksn-nszz-solidarnosc","status":"publish","type":"page","link":"https:\/\/www.solidarnosc.org.pl\/ksn\/uchwaly-ksn-nszz-solidarnosc\/","title":{"rendered":"Uchwa\u0142y KSN NSZZ &#8222;Solidarno\u015b\u0107&#8221;"},"content":{"rendered":"<p><strong>Uchwa\u0142y Krajowej Sekcji Nauki NSZZ \u201eSolidarno\u015b\u0107&#8221;:<\/strong><\/p>\n<ul>\n<li><a href=\"http:\/\/www.solidarnosc.org.pl\/ksn\/wp-content\/uploads\/2023\/01\/Uchwala-Rady-KSN-nr-10.2022.pdf\"><strong>Uchwa\u0142a nr 10\/2022<\/strong>\u00a0Rady Krajowej Sekcji Nauki NSZZ \u201eSolidarno\u015b\u0107\u201d w sprawie terminu wyboru delegat\u00f3w na walne zebranie delegat\u00f3w Krajowej Sekcji Nauki NSZZ \u201eSolidarno\u015b\u0107\u201d; Cz\u0119stochowa, 23 wrze\u015bnia 2022 r.<\/a><\/li>\n<li><a href=\"http:\/\/www.solidarnosc.org.pl\/ksn\/wp-content\/uploads\/2023\/01\/Uchwala-Rady-KSN-nr-09.2022.pdf\"><strong>Uchwa\u0142a nr 9\/2022\u00a0<\/strong>Rady Krajowej Sekcji Nauki NSZZ \u201eSolidarno\u015b\u0107\u201d w sprawie terminu Walnego Zebrania Delegat\u00f3w Krajowej Sekcji Nauki NSZZ \u201eSolidarno\u015b\u0107\u201d; Cz\u0119stochowa, 23 wrze\u015bnia 2022 r.<\/a><\/li>\n<li><a href=\"http:\/\/www.solidarnosc.org.pl\/ksn\/wp-content\/uploads\/2023\/01\/Uchwala-Rady-KSN-nr-08.2022.pdf\"><strong>Uchwa\u0142a nr 8\/2022<\/strong> Rady Krajowej Sekcji Nauki NSZZ \u201eSolidarno\u015b\u0107\u201d w sprawie okre\u015blenia proporcji liczby cz\u0142onk\u00f3w Zwi\u0105zku przypadaj\u0105cych na jeden mandat delegata na Walne Zebranie Delegat\u00f3w Krajowej Sekcji Nauki NSZZ \u201eSolidarno\u015b\u0107\u201d na kadencj\u0119 2023-2028; Cz\u0119stochowa, 23 wrze\u015bnia 2022 r.<\/a><\/li>\n<li><a href=\"http:\/\/www.solidarnosc.org.pl\/ksn\/wp-content\/uploads\/2023\/01\/Uchwala-Rady-KSN-nr-07.2022.pdf\"><strong>Uchwa\u0142a nr 7\/2022<\/strong>\u00a0Rady Krajowej Sekcji Nauki NSZZ \u201eSolidarno\u015b\u0107\u201d w sprawie sk\u0142adu Komisji Wyborczej Krajowej Sekcji Nauki NSZZ \u201eSolidarno\u015b\u0107\u201d na lata 2023-2028; Cz\u0119stochowa, 23 wrze\u015bnia 2022 r.<\/a><\/li>\n<li><a href=\"http:\/\/www.solidarnosc.org.pl\/ksn\/wp-content\/uploads\/2023\/01\/Uchwala-Rady-KSN-nr-18.2021.pdf\"><strong>Uchwa\u0142a nr 18\/2021 Rady Krajowej Sekcji Nauki NSZZ \u201eSolidarno\u015b\u0107\u201d w sprawie powo\u0142ania Sztabu Protestacyjnego<\/strong><\/a><\/li>\n<li><a href=\"http:\/\/www.solidarnosc.org.pl\/ksn\/wp-content\/uploads\/2023\/01\/Uchwala-Rady-KSN-nr-15.2021.pdf\"><strong>Uchwa\u0142a nr 15\/2021<\/strong>\u00a0Rady Krajowej Sekcji Nauki NSZZ \u201eSolidarno\u015b\u0107\u201d w sprawie zwi\u0119kszenia wysoko\u015bci subwencji ze \u015brodk\u00f3w finansowych na utrzymanie i rozw\u00f3j potencja\u0142u dydaktycznego i badawczego przyznanych na rok 2021 uczelniom nadzorowanym przez Ministra Zdrowia oraz wydzia\u0142om lekarskim uczelni nadzorowanych przez Ministra Edukacji i Nauki posiedzenie on-line, 10 czerwca 2021 r.<\/a><\/li>\n<li><a href=\"http:\/\/www.solidarnosc.org.pl\/ksn\/wp-content\/uploads\/2023\/01\/Uchwala-Rady-KSN-nr-14.2021.pdf\"><strong>Uchwa\u0142a nr 14\/2021\u00a0<\/strong>Rady Krajowej Sekcji Nauki NSZZ \u201eSolidarno\u015b\u0107\u201d w sprawie pilnych inicjatyw ustawodawczych w obszarze szkolnictwa wy\u017cszego i nauki posiedzenie on-line, 10 czerwca 2021 r.<\/a><\/li>\n<li><a href=\"http:\/\/www.solidarnosc.org.pl\/ksn\/wp-content\/uploads\/2023\/01\/Uchwala-Rady-KSN-nr-13.2021.pdf\"><strong>Uchwa\u0142a nr 13\/2021\u00a0<\/strong>Rady Krajowej Sekcji Nauki NSZZ \u201eSolidarno\u015b\u0107\u201d w sprawie powo\u0142ania Rady Dialogu Spo\u0142ecznego Szkolnictwa Wy\u017cszego i Nauki posiedzenie on-line, 10 czerwca 2021 r.<\/a><\/li>\n<li><a href=\"http:\/\/www.solidarnosc.org.pl\/ksn\/wp-content\/uploads\/2023\/01\/Uchwala-Rady-KSN-nr-12.2021.pdf\"><strong>Uchwa\u0142a nr 12\/2021<\/strong>\u00a0Rady Krajowej Sekcji Nauki NSZZ \u201eSolidarno\u015b\u0107\u201d w sprawie powo\u0142ania Komisji Historycznej posiedzenie on-line, 10 czerwca 2021 r.<\/a><\/li>\n<li><a href=\"http:\/\/www.solidarnosc.org.pl\/ksn\/wp-content\/uploads\/2023\/01\/Uchwala-Rady-KSN-nr-10.2021.pdf\"><strong>Uchwa\u0142a nr 10\/2021<\/strong>\u00a0Rady Krajowej Sekcji Nauki NSZZ \u201eSolidarno\u015b\u0107\u201d w sprawie powo\u0142ania Komisji KSN ds. Szkole\u0144 posiedzenie on-line, 10 czerwca 2021 r.<\/a><\/li>\n<li><a href=\"http:\/\/www.solidarnosc.org.pl\/ksn\/wp-content\/uploads\/2023\/01\/2019.06.15-U25-KSN.pdf\"><strong>Uchwa\u0142a nr 25<\/strong>\u00a0Rady KSN NSZZ \u201eSolidarno\u015b\u0107\u201d w sprawie powo\u0142ania cz\u0142onka Prezydium Rady KSN. Katowice, 15 czerwca 2019 r.<\/a><\/li>\n<li><a href=\"http:\/\/www.solidarnosc.org.pl\/ksn\/wp-content\/uploads\/2023\/01\/2019.06.15-U24-KSN.pdf\"><strong>Uchwa\u0142a nr 24<\/strong>\u00a0Rady KSN NSZZ \u201eSolidarno\u015b\u0107\u201d w sprawie powo\u0142ania Przewodnicz\u0105cego Komisji ds. Uczelni Medycznych. Katowice, 15 czerwca 2019 r.<\/a><\/li>\n<li><a href=\"http:\/\/www.solidarnosc.org.pl\/ksn\/wp-content\/uploads\/2023\/01\/2019.06.15-U23-KSN.pdf\"><strong>Uchwa\u0142a nr 23<\/strong>\u00a0Rady Krajowej Sekcji Nauki NSZZ \u201eSolidarno\u015b\u0107\u201d w sprawie powo\u0142ania Komisji ds. Uczelni Medycznych. Katowice, 15 czerwca 2019 r.<\/a><\/li>\n<li><a href=\"http:\/\/www.solidarnosc.org.pl\/ksn\/wp-content\/uploads\/2023\/01\/2019.06.15-U22-KSN.pdf\"><strong>Uchwa\u0142a nr 22<\/strong>\u00a0Rady KSN NSZZ \u201eSolidarno\u015b\u0107\u201d w sprawie powo\u0142ania cz\u0142onka Prezydium Rady KSN. Katowice, 15 czerwca 2019 r.<\/a><\/li>\n<li><a href=\"http:\/\/www.solidarnosc.org.pl\/ksn\/wp-content\/uploads\/2023\/01\/2019.06.15-U21-KSN.pdf\"><strong>Uchwa\u0142a nr 21<\/strong>\u00a0Rady KSN NSZZ \u201eSolidarno\u015b\u0107\u201d w sprawie powo\u0142ania Przewodnicz\u0105cego Komisji ds. instytut\u00f3w badawczych i jednostek PAN.<\/a><\/li>\n<li><a href=\"http:\/\/www.solidarnosc.org.pl\/ksn\/wp-content\/uploads\/2023\/01\/2019.06.15-U20-KSN.pdf\"><strong>Uchwa\u0142a nr 20<\/strong>\u00a0Rady KSN NSZZ \u201eSolidarno\u015b\u0107\u201d w sprawie odwo\u0142ania cz\u0142onka Prezydium Rady KSN. Katowice, 15 czerwca 2019 r.<\/a><\/li>\n<li><a href=\"http:\/\/www.solidarnosc.org.pl\/ksn\/wp-content\/uploads\/2023\/01\/2019.06.15-U19-KSN.pdf\"><strong>Uchwa\u0142a nr 19<\/strong>\u00a0Rady KSN NSZZ \u201eSolidarno\u015b\u0107\u201d w sprawie odwo\u0142ania Przewodnicz\u0105cego Komisji ds. instytut\u00f3w badawczych i jednostek PAN. Katowice, 15 czerwca 2019 r.<\/a><\/li>\n<li><a href=\"http:\/\/www.solidarnosc.org.pl\/ksn\/wp-content\/uploads\/2023\/01\/2019.06.15-U18-KSN.pdf\"><strong>Uchwa\u0142a nr 18<\/strong>\u00a0Rady Krajowej Sekcji Nauki NSZZ \u201eSolidarno\u015b\u0107\u201d w sprawie pr\u00f3b przej\u0119cia uprawnie\u0144 zwi\u0105zk\u00f3w zawodowych przez instytucje powo\u0142ywane przez pracodawc\u0119. Katowice, 15 czerwca 2019 r.<\/a><\/li>\n<li><a href=\"http:\/\/www.solidarnosc.org.pl\/ksn\/wp-content\/uploads\/2023\/01\/Uchwala-nr-17.pdf\"><strong>Uchwa\u0142a nr 17<\/strong>\u00a0Rady Krajowej Sekcji Nauki NSZZ \u201eSolidarno\u015b\u0107\u201d w sprawie przyj\u0119cia prowizorium bud\u017cetowego na rok 2019. Warszawa, 23 marca 2019 r.<\/a><\/li>\n<li><a href=\"http:\/\/www.solidarnosc.org.pl\/ksn\/wp-content\/uploads\/2023\/01\/Uchwala-nr-13.pdf\"><strong>Uchwa\u0142a nr 13<\/strong>\u00a0Rady Krajowej Sekcji Nauki NSZZ \u201eSolidarno\u015b\u0107\u201d w sprawie przyj\u0119cia sprawozdania z wykonania bud\u017cetu za rok 2018. Warszawa, 23 marca 2019 r.<\/a><\/li>\n<li><a href=\"http:\/\/www.solidarnosc.org.pl\/ksn\/wp-content\/uploads\/2023\/01\/uchwala-nr-12.pdf\"><strong>Uchwa\u0142a nr 12\u00a0<\/strong>Rady Krajowej Sekcji Nauki NSZZ \u201eSolidarno\u015b\u0107\u201d w sprawie przyj\u0119cia planu bud\u017cetowego na rok 2018. Warszawa, dnia 13 pa\u017adziernika 2018 r.<\/a><\/li>\n<li><a href=\"http:\/\/www.solidarnosc.org.pl\/ksn\/wp-content\/uploads\/2023\/01\/uchwala_nr_11_rady_KSN.pdf\"><strong>Uchwa\u0142a nr 11<\/strong>\u00a0Rady Krajowej Sekcji Nauki NSZZ \u201eSolidarno\u015b\u0107\u201d w sprawie powo\u0142ania Komisji ds. instytut\u00f3w badawczych i jednostek PAN, Warszawa, dnia 23 czerwca 2018 r.<\/a><\/li>\n<li><a href=\"http:\/\/www.solidarnosc.org.pl\/ksn\/wp-content\/uploads\/2023\/01\/uchwala_nr_10_rady_KSN.pdf\"><strong>Uchwa\u0142a nr 10<\/strong>\u00a0Rady Krajowej Sekcji Nauki NSZZ \u201eSolidarno\u015b\u0107\u201d w sprawie powo\u0142ania Komisji ds. wsp\u00f3\u0142pracy mi\u0119dzynarodowej, Warszawa, dnia 23 czerwca 2018 r.<\/a><\/li>\n<li><a href=\"http:\/\/www.solidarnosc.org.pl\/ksn\/wp-content\/uploads\/2023\/01\/uchwala_nr_9_rady_KSN.pdf\"><strong>Uchwa\u0142a nr 9\u00a0<\/strong>Rady Krajowej Sekcji Nauki NSZZ \u201eSolidarno\u015b\u0107\u201d w sprawie powo\u0142ania Komisji ds. warunk\u00f3w pracy, Warszawa, dnia 23 czerwca 2018 r.<\/a><\/li>\n<li><a href=\"http:\/\/www.solidarnosc.org.pl\/ksn\/wp-content\/uploads\/2023\/01\/uchwala_nr_8_rady_KSN.pdf\"><strong>Uchwa\u0142a nr 8<\/strong>\u00a0Rady Krajowej Sekcji Nauki NSZZ \u201eSolidarno\u015b\u0107\u201d w sprawie powo\u0142ania Komisji ds. komunikacji i rozwoju zwi\u0105zku, Warszawa, dnia 23 czerwca 2018 r.<\/a><\/li>\n<li><a href=\"http:\/\/www.solidarnosc.org.pl\/ksn\/wp-content\/uploads\/2023\/01\/uchwala_nr_7_rady_KSN.pdf\"><strong>Uchwa\u0142a nr 7<\/strong>\u00a0Rady Krajowej Sekcji Nauki NSZZ \u201eSolidarno\u015b\u0107\u201d w sprawie powo\u0142ania Komisji ds. Interwencji, Warszawa, dnia 23 czerwca 2018 r.<\/a><\/li>\n<li><a href=\"http:\/\/www.solidarnosc.org.pl\/ksn\/wp-content\/uploads\/2023\/01\/uchwala_nr_6_rady_KSN.pdf\"><strong>Uchwa\u0142a nr 6<\/strong>\u00a0Rady Krajowej Sekcji Nauki NSZZ \u201eSolidarno\u015b\u0107\u201d w sprawie powo\u0142ania Komisji ds. organizacyjnych i legislacyjnych, Warszawa, dnia 23 czerwca 2018 r.<\/a><\/li>\n<li><a href=\"http:\/\/www.solidarnosc.org.pl\/ksn\/wp-content\/uploads\/2023\/01\/uchwala_nr_5_rady_KSN.pdf\"><strong>Uchwa\u0142a nr 5<\/strong>\u00a0Rady Krajowej Sekcji Nauki NSZZ \u201eSolidarno\u015b\u0107\u201d w sprawie powo\u0142ania Komisji ds. finansowania nauki i szkolnictwa wy\u017cszego, Warszawa, dnia 23 czerwca 2018 r.<\/a><\/li>\n<li><a href=\"http:\/\/www.solidarnosc.org.pl\/ksn\/wp-content\/uploads\/2023\/01\/uchwala_nr_4_rady_KSN.pdf\"><strong>Uchwa\u0142a nr 4<\/strong>\u00a0Rady Krajowej Sekcji Nauki NSZZ \u201eSolidarno\u015b\u0107\u201d w sprawie powo\u0142ania Komisji ds. wynagrodze\u0144 i innych \u015bwiadcze\u0144, Warszawa, dnia 23 czerwca 2018 r.<\/a><\/li>\n<li><a href=\"http:\/\/www.solidarnosc.org.pl\/ksn\/wp-content\/uploads\/2023\/01\/uchwala_nr_3_rady_KSN.pdf\"><strong>Uchwa\u0142a nr 3<\/strong>\u00a0Rady Krajowej Sekcji Nauki NSZZ \u201eSolidarno\u015b\u0107\u201d w sprawie liczby cz\u0142onk\u00f3w Prezydium Rady Krajowej Sekcji Nauki, Warszawa, dnia 23 czerwca 2018 r.<\/a><\/li>\n<li><a href=\"http:\/\/www.solidarnosc.org.pl\/ksn\/wp-content\/uploads\/2023\/01\/Uchwala-nr-1.pdf\"><strong>Uchwa\u0142a nr 1<\/strong> Prezydium Rady Krajowej Sekcji Nauki NSZZ \u201eSolidarno\u015b\u0107\u201d w sprawie doboru cz\u0142onk\u00f3w zespo\u0142\u00f3w, Warszawa, 24.11.2018 r.<\/a><\/li>\n<\/ul>\n<p><strong>Kadencja Rady KSN 2018-2023\u00a0<\/strong>\u2191<\/p>\n<hr \/>\n<ul>\n<li><a href=\"http:\/\/www.solidarnosc.org.pl\/ksn\/wp-content\/uploads\/2023\/01\/uchwala-nr-40.pdf\"><strong>Uchwa\u0142a nr 40\u00a0<\/strong>Rady Krajowej Sekcji Nauki NSZZ \u201eSolidarno\u015b\u0107\u201d w sprawie terminu wyboru delegat\u00f3w na walne zebranie delegat\u00f3w Krajowej Sekcji Nauki NSZZ \u201eSolidarno\u015b\u0107\u201d, Warszawa, dnia 21 pa\u017adziernika 2017 r.<\/a><\/li>\n<li><a href=\"http:\/\/www.solidarnosc.org.pl\/ksn\/wp-content\/uploads\/2023\/01\/uchwala-nr-39.pdf\"><strong>Uchwa\u0142a nr 39<\/strong>\u00a0Rady Krajowej Sekcji Nauki NSZZ \u201eSolidarno\u015b\u0107\u201d w sprawie terminu Walnego Zebrania Delegat\u00f3w Krajowej Sekcji Nauki NSZZ \u201eSolidarno\u015b\u0107\u201d, Warszawa, dnia 21 pa\u017adziernika 2017 r.<\/a><\/li>\n<li><a href=\"http:\/\/www.solidarnosc.org.pl\/ksn\/wp-content\/uploads\/2023\/01\/uchwala-nr-38.pdf\"><strong>Uchwa\u0142a nr 38<\/strong>\u00a0Rady Krajowej Sekcji Nauki NSZZ \u201eSolidarno\u015b\u0107\u201d w sprawie okre\u015blenia proporcji liczby cz\u0142onk\u00f3w Zwi\u0105zku przypadaj\u0105cych na jeden mandat delegata na Walne Zebranie Delegat\u00f3w Krajowej Sekcji Nauki NSZZ \u201eSolidarno\u015b\u0107\u201d na kadencj\u0119 2018\/2022, Warszawa, dnia 21 pa\u017adziernika 2017 r.<\/a><\/li>\n<li><a href=\"http:\/\/www.solidarnosc.org.pl\/ksn\/wp-content\/uploads\/2023\/01\/uchwala-nr-37.pdf\"><strong>Uchwa\u0142a nr 37<\/strong>\u00a0 Rady Krajowej Sekcji Nauki NSZZ \u201eSolidarno\u015b\u0107\u201d w sprawie sk\u0142adu Komisji Wyborczej Krajowej Sekcji Nauki NSZZ \u201eSolidarno\u015b\u0107\u201d na lata 2018\/2022, Warszawa, dnia 21 pa\u017adziernika 2017 r.<\/a><\/li>\n<li><a href=\"http:\/\/www.solidarnosc.org.pl\/ksn\/wp-content\/uploads\/2023\/01\/Uchwala_nr_36_z_dnia_3_czerwca_2017.pdf\"><strong>Uchwa\u0142a nr 36<\/strong>\u00a0Rady Krajowej Sekcji Nauki NSZZ \u201eSolidarno\u015b\u0107\u201d w sprawie wyst\u0105pienia do MNiSzW o dane zwi\u0105zane\u00a0 z analiz\u0105 i funkcjonowaniem algorytmu podzia\u0142u dotacji podstawowej dla uczelni publicznych w roku 2017. Toru\u0144 3 czerwca 2017 r.<\/a><\/li>\n<li><a href=\"http:\/\/www.solidarnosc.org.pl\/ksn\/wp-content\/uploads\/2023\/01\/Uchwala_nr_35_z_dnia_3_czerwca_2017.pdf\"><strong>Uchwa\u0142a nr 35<\/strong>\u00a0Rady Krajowej Sekcji Nauki NSZZ \u201eSolidarno\u015b\u0107\u201d w sprawie przyj\u0119cia sprawozda\u0144 Przewodnicz\u0105cego KSN i Przewodnicz\u0105cych Komisji Rady za rok 2016. Toru\u0144, 3 czerwca 2017 r.<\/a><\/li>\n<li><a href=\"http:\/\/www.solidarnosc.org.pl\/ksn\/wp-content\/uploads\/2023\/01\/Uchwala_nr_34_z_dnia_3_czerwca_2017.pdf\"><strong>Uchwa\u0142a nr 34<\/strong>\u00a0Rady Krajowej Sekcji Nauki NSZZ \u201eSolidarno\u015b\u0107\u201d w sprawie przyj\u0119cia bud\u017cetu na rok 2017.\u00a0 Toru\u0144 3 czerwca 2017 r.<\/a><\/li>\n<li><a href=\"http:\/\/www.solidarnosc.org.pl\/ksn\/wp-content\/uploads\/2023\/01\/uchwala-nr-28.pdf\"><strong>Uchwa\u0142a nr 28<\/strong>\u00a0Rady KSN NSZZ \u201eSolidarno\u015b\u0107\u201d w sprawie w sprawie zasad g\u0142osowania Rady Krajowej Sekcji Nauki NSZZ \u201eSolidarno\u015b\u0107\u201d przy wykorzystaniu \u015brodk\u00f3w bezpo\u015bredniego porozumiewania si\u0119 na odleg\u0142o\u015b\u0107. \u0141\u00f3d\u017a, 18 czerwca 2016 r.<\/a><\/li>\n<li><a href=\"http:\/\/www.solidarnosc.org.pl\/ksn\/wp-content\/uploads\/2023\/01\/uchwala-nr-27.pdf\"><strong>Uchwa\u0142a nr 27<\/strong>\u00a0Rady Krajowej Sekcji Nauki NSZZ \u201eSolidarno\u015b\u0107\u201d z dnia 18 czerwca 2016 roku w sprawie wprowadzenia Regulaminu Rady Krajowej Sekcji Nauki NSZZ \u201eSolidarno\u015b\u0107\u201d. \u0141\u00f3d\u017a, 18 czerwca 2016 r.<\/a><\/li>\n<li><a href=\"http:\/\/www.solidarnosc.org.pl\/ksn\/wp-content\/uploads\/2023\/01\/uchwala-nr-26.pdf\"><strong>Uchwa\u0142a nr 26<\/strong>\u00a0Rady KSN NSZZ \u201eSolidarno\u015b\u0107\u201d w sprawie powo\u0142ania cz\u0142onka Prezydium Rady KSN. \u0141\u00f3d\u017a, 18 czerwca 2016 r.<\/a><\/li>\n<li><a href=\"http:\/\/www.solidarnosc.org.pl\/ksn\/wp-content\/uploads\/2023\/01\/uchwala-nr-25.pdf\"><strong>Uchwa\u0142a nr 25<\/strong>\u00a0Rady KSN NSZZ \u201eSolidarno\u015b\u0107\u201d w sprawie powo\u0142ania Przewodnicz\u0105cej Komisji ds. Jednostek Medycznych. \u0141\u00f3d\u017a, 18 czerwca 2016 r.<\/a><\/li>\n<li><a href=\"http:\/\/www.solidarnosc.org.pl\/ksn\/wp-content\/uploads\/2023\/01\/uchwala-nr-24.pdf\"><strong>Uchwa\u0142a nr 24\u00a0<\/strong>Rady KSN NSZZ \u201eSolidarno\u015b\u0107\u201d w sprawie odwo\u0142ania cz\u0142onka Prezydium Rady KSN. \u0141\u00f3d\u017a, 18 czerwca 2016 r.<\/a><\/li>\n<li><a href=\"http:\/\/www.solidarnosc.org.pl\/ksn\/wp-content\/uploads\/2023\/01\/uchwala-nr-23.pdf\"><strong>Uchwa\u0142a nr 23<\/strong>\u00a0Rady KSN NSZZ \u201eSolidarno\u015b\u0107\u201d w sprawie przyj\u0119cia rezygnacji Przewodnicz\u0105cej Komisji ds. Jednostek Medycznych. \u0141\u00f3d\u017a, 18 czerwca 2016 r.<\/a><\/li>\n<li><a href=\"http:\/\/www.solidarnosc.org.pl\/ksn\/wp-content\/uploads\/2023\/01\/uchwala-nr-22.pdf\"><strong>Uchwa\u0142a nr 22<\/strong>\u00a0Rady Krajowej Sekcji Nauki NSZZ \u201eSolidarno\u015b\u0107\u201d w sprawie przyj\u0119cia sprawozda\u0144 Przewodnicz\u0105cego KSN i Przewodnicz\u0105cych Komisji Rady za rok 2015. \u0141\u00f3d\u017a, 18 czerwca 2016 r.<\/a><\/li>\n<li><a href=\"http:\/\/www.solidarnosc.org.pl\/ksn\/wp-content\/uploads\/2023\/01\/uchwala-nr-21.pdf\"><strong>Uchwa\u0142a nr 21<\/strong>\u00a0Rady Krajowej Sekcji Nauki NSZZ \u201eSolidarno\u015b\u0107\u201d w sprawie wykorzystania dotacji Komisji Krajowej NSZZ &#8222;Solidarno\u015b\u0107&#8221; w roku 2016. \u0141\u00f3d\u017a, 18 czerwca 2016 r.<\/a><\/li>\n<li><a href=\"http:\/\/www.solidarnosc.org.pl\/ksn\/wp-content\/uploads\/2023\/01\/uchwala-nr-20.pdf\"><strong>Uchwa\u0142a nr 20<\/strong>\u00a0Rady Krajowej Sekcji Nauki NSZZ \u201eSolidarno\u015b\u0107\u201d w sprawie przyj\u0119cia bud\u017cetu na rok 2016. \u0141\u00f3d\u017a, 18 czerwca 2016 r.<\/a><\/li>\n<li><a href=\"http:\/\/www.solidarnosc.org.pl\/ksn\/wp-content\/uploads\/2023\/01\/uchwala-19.pdf\"><strong>Uchwa\u0142a nr 19<\/strong>\u00a0Rady Krajowej Sekcji Nauki NSZZ \u201eSolidarno\u015b\u0107\u201d w sprawie zwo\u0142ania Walnego Zebrania Delegat\u00f3w Krajowej Sekcji Nauki NSZZ \u201eSolidarno\u015b\u0107\u201d. Warszawa, 5\u00a0 marca 2016 r.<\/a><\/li>\n<li><a href=\"http:\/\/www.solidarnosc.org.pl\/ksn\/wp-content\/uploads\/2023\/01\/uchwala-16.pdf\"><strong>Uchwa\u0142a nr 16<\/strong>\u00a0Rady Krajowej Sekcji Nauki NSZZ \u201eSolidarno\u015b\u0107\u201d w sprawie przyj\u0119cia prowizorium bud\u017cetowego na rok 2016. Warszawa, 5\u00a0 marca 2016 r.<\/a><\/li>\n<li><a href=\"http:\/\/www.solidarnosc.org.pl\/ksn\/wp-content\/uploads\/2023\/01\/uchwala-15.pdf\"><strong>Uchwa\u0142a nr 15<\/strong>\u00a0Rady Krajowej Sekcji Nauki NSZZ \u201eSolidarno\u015b\u0107\u201d w sprawie przyj\u0119cia sprawozdania z wykonania bud\u017cetu za rok 2015. Warszawa, 5\u00a0 marca 2016 r.<\/a><\/li>\n<li><a href=\"http:\/\/www.solidarnosc.org.pl\/ksn\/wp-content\/uploads\/2023\/01\/uchwala-14.pdf\"><strong>Uchwa\u0142a nr 14<\/strong>\u00a0Rady KSN NSZZ \u201eSolidarno\u015b\u0107\u201d w sprawie prac nad zmian\u0105 prawa obowi\u0105zuj\u0105cego w szkolnictwie wy\u017cszym i nauce. Krak\u00f3w, 10 pa\u017adziernika 2015 r.<\/a><\/li>\n<li><a href=\"http:\/\/www.solidarnosc.org.pl\/ksn\/wp-content\/uploads\/2023\/01\/uchwala-13.pdf\"><strong>Uchwa\u0142a nr 13<\/strong>\u00a0Rady KSN NSZZ \u201eSolidarno\u015b\u0107\u201d w sprawie powo\u0142ania cz\u0142onka Prezydium Rady KSN. Krak\u00f3w, 10 pa\u017adziernika 2015 r.<\/a><\/li>\n<li><a href=\"http:\/\/www.solidarnosc.org.pl\/ksn\/wp-content\/uploads\/2023\/01\/uchwala-12.pdf\"><strong>Uchwa\u0142a nr 12\u00a0<\/strong>Rady KSN NSZZ \u201eSolidarno\u015b\u0107\u201d w sprawie powo\u0142ania Przewodnicz\u0105cego Komisj\u0119 ds. Komunikacji i Rozwoju. Krak\u00f3w, 10 pa\u017adziernika 2015 r.<\/a><\/li>\n<li><a href=\"http:\/\/www.solidarnosc.org.pl\/ksn\/wp-content\/uploads\/2023\/01\/uchwala-11.pdf\"><strong>Uchwa\u0142a nr 11<\/strong>\u00a0Rady KSN NSZZ \u201eSolidarno\u015b\u0107\u201d w sprawie odwo\u0142ania cz\u0142onka Prezydium Rady KSN. Krak\u00f3w, 10 pa\u017adziernika 2015 r.<\/a><\/li>\n<li><a href=\"http:\/\/www.solidarnosc.org.pl\/ksn\/wp-content\/uploads\/2023\/01\/uchwala-10.pdf\"><strong>Uchwa\u0142a nr 10<\/strong>\u00a0Rady KSN NSZZ \u201eSolidarno\u015b\u0107\u201d w sprawie odwo\u0142ania Przewodnicz\u0105cego Komisji ds. Komunikacji i Rozwoju. Krak\u00f3w, 10 pa\u017adziernika 2015 r.<\/a><\/li>\n<li><a href=\"http:\/\/www.solidarnosc.org.pl\/ksn\/wp-content\/uploads\/2023\/01\/uchwala-9.pdf\"><strong>Uchwa\u0142a nr 9\u00a0<\/strong>Rady Krajowej Sekcji Nauki NSZZ \u201eSolidarno\u015b\u0107\u201d w sprawie prac nad stron\u0105 internetow\u0105 KSN. Warszawa, 27 czerwca 2015 r.<\/a><\/li>\n<li><a href=\"http:\/\/www.solidarnosc.org.pl\/ksn\/wp-content\/uploads\/2023\/01\/uchwala-8.pdf\"><strong>Uchwa\u0142a nr 8<\/strong>\u00a0Rady Krajowej Sekcji Nauki NSZZ \u201eSolidarno\u015b\u0107\u201d w sprawie protoko\u0142u Komisji Rewizyjnej z kontroli finans\u00f3w KSN. Warszawa, 27 czerwca 2015 r.<\/a><\/li>\n<li><a href=\"http:\/\/www.solidarnosc.org.pl\/ksn\/wp-content\/uploads\/2023\/01\/uchwala-7.pdf\"><strong>Uchwa\u0142a nr 7<\/strong>\u00a0Rady Krajowej Sekcji Nauki NSZZ \u201eSolidarno\u015b\u0107\u201d w sprawie przyj\u0119cia bud\u017cetu na rok 2015. Warszawa, 27\u00a0 czerwca 2015 r.<\/a><\/li>\n<li><a href=\"http:\/\/www.solidarnosc.org.pl\/ksn\/wp-content\/uploads\/2023\/01\/uchwala-6.pdf\"><strong>Uchwa\u0142a nr 6<\/strong>\u00a0Rady Krajowej Sekcji Nauki NSZZ \u201eSolidarno\u015b\u0107\u201d w sprawie rozwi\u0105zania umowy z administratorem strony internetowej Krajowej Sekcji Nauki. Warszawa, 7\u00a0 marca 2015 r.<\/a><\/li>\n<li><a href=\"http:\/\/www.solidarnosc.org.pl\/ksn\/wp-content\/uploads\/2023\/01\/uchwala-5.pdf\"><strong>Uchwa\u0142a nr 5<\/strong>\u00a0Rady Krajowej Sekcji Nauki NSZZ \u201eSolidarno\u015b\u0107\u201d w sprawie przyznawania \u015brodk\u00f3w pieni\u0119\u017cnych cz\u0142onkom KSN oraz innym osobom w okresie I-XII 2015. Warszawa, 7 marca 2015 r.<\/a><\/li>\n<li><a href=\"http:\/\/www.solidarnosc.org.pl\/ksn\/wp-content\/uploads\/2023\/01\/uchwala-4.pdf\"><strong>Uchwa\u0142a nr 4\u00a0<\/strong>Rady Krajowej Sekcji Nauki NSZZ \u201eSolidarno\u015b\u0107\u201d w sprawie przyj\u0119cia prowizorium bud\u017cetowego na rok 2015. Warszawa, 7\u00a0 marca 2015 r.<\/a><\/li>\n<li><a href=\"http:\/\/www.solidarnosc.org.pl\/ksn\/wp-content\/uploads\/2023\/01\/uchwala-3.pdf\"><strong>Uchwa\u0142a nr 3\u00a0<\/strong>Rady Krajowej Sekcji Nauki NSZZ \u201eSolidarno\u015b\u0107\u201d w sprawie wysoko\u015bci sk\u0142adek odprowadzanych z tytu\u0142u przynale\u017cno\u015bci do zwi\u0105zkowych organizacji mi\u0119dzynarodowych za rok 2015. Warszawa, 7\u00a0 marca 2015 r.<\/a><\/li>\n<li><a href=\"http:\/\/www.solidarnosc.org.pl\/ksn\/wp-content\/uploads\/2023\/01\/uchwala-2.pdf\"><strong>Uchwa\u0142a nr 2<\/strong>\u00a0Rady Krajowej Sekcji Nauki NSZZ \u201eSolidarno\u015b\u0107\u201d w sprawie przyj\u0119cia sprawozdania z wykonania bud\u017cetu za rok 2014. Warszawa, 7\u00a0 marca 2015 r.<\/a><\/li>\n<li><a href=\"http:\/\/www.solidarnosc.org.pl\/ksn\/wp-content\/uploads\/2023\/01\/uchwala-1.pdf\"><strong>Uchwa\u0142a nr 1<\/strong>\u00a0Rady Krajowej Sekcji Nauki NSZZ \u201eSolidarno\u015b\u0107\u201d w sprawie liczby cz\u0142onk\u00f3w Prezydium Rady KSN. Warszawa, 31 stycznia 2015 r\u00a0<\/a><\/li>\n<\/ul>\n<p><strong>Kadencja Rady KSN 2014-2018\u00a0<\/strong>\u2191<\/p>\n","protected":false},"excerpt":{"rendered":"<p>Uchwa\u0142y Krajowej Sekcji Nauki NSZZ \u201eSolidarno\u015b\u0107&#8221;: Uchwa\u0142a nr 10\/2022\u00a0Rady Krajowej [&hellip;]<\/p>\n","protected":false},"author":1,"featured_media":0,"parent":0,"menu_order":0,"comment_status":"closed","ping_status":"closed","template":"","meta":{"footnotes":""},"class_list":["post-268","page","type-page","status-publish","hentry"],"yoast_head":"<!-- This site is optimized with the Yoast SEO plugin v27.5 - https:\/\/yoast.com\/product\/yoast-seo-wordpress\/ -->\n<title>Uchwa\u0142y KSN NSZZ &quot;Solidarno\u015b\u0107&quot; - Krajowa Sekcja Nauki NSZZ Solidarno\u015b\u0107<\/title>\n<meta name=\"robots\" content=\"index, follow, max-snippet:-1, max-image-preview:large, max-video-preview:-1\" \/>\n<link rel=\"canonical\" href=\"https:\/\/www.solidarnosc.org.pl\/ksn\/uchwaly-ksn-nszz-solidarnosc\/\" \/>\n<meta property=\"og:locale\" content=\"pl_PL\" \/>\n<meta property=\"og:type\" content=\"article\" \/>\n<meta property=\"og:title\" content=\"Uchwa\u0142y KSN NSZZ &quot;Solidarno\u015b\u0107&quot; - Krajowa Sekcja Nauki NSZZ Solidarno\u015b\u0107\" \/>\n<meta property=\"og:description\" content=\"Uchwa\u0142y Krajowej Sekcji Nauki NSZZ \u201eSolidarno\u015b\u0107&#8221;: Uchwa\u0142a nr 10\/2022\u00a0Rady Krajowej [&hellip;]\" \/>\n<meta property=\"og:url\" content=\"https:\/\/www.solidarnosc.org.pl\/ksn\/uchwaly-ksn-nszz-solidarnosc\/\" \/>\n<meta property=\"og:site_name\" content=\"Krajowa Sekcja Nauki NSZZ Solidarno\u015b\u0107\" \/>\n<meta property=\"article:modified_time\" content=\"2023-01-03T16:27:11+00:00\" \/>\n<meta name=\"twitter:card\" content=\"summary_large_image\" \/>\n<meta name=\"twitter:label1\" content=\"Szacowany czas czytania\" \/>\n\t<meta name=\"twitter:data1\" content=\"8 minut\" \/>\n<script type=\"application\/ld+json\" class=\"yoast-schema-graph\">{\"@context\":\"https:\\\/\\\/schema.org\",\"@graph\":[{\"@type\":\"WebPage\",\"@id\":\"https:\\\/\\\/www.solidarnosc.org.pl\\\/ksn\\\/uchwaly-ksn-nszz-solidarnosc\\\/\",\"url\":\"https:\\\/\\\/www.solidarnosc.org.pl\\\/ksn\\\/uchwaly-ksn-nszz-solidarnosc\\\/\",\"name\":\"Uchwa\u0142y KSN NSZZ \\\"Solidarno\u015b\u0107\\\" - Krajowa Sekcja Nauki NSZZ Solidarno\u015b\u0107\",\"isPartOf\":{\"@id\":\"https:\\\/\\\/www.solidarnosc.org.pl\\\/ksn\\\/#website\"},\"datePublished\":\"2022-02-07T17:26:29+00:00\",\"dateModified\":\"2023-01-03T16:27:11+00:00\",\"breadcrumb\":{\"@id\":\"https:\\\/\\\/www.solidarnosc.org.pl\\\/ksn\\\/uchwaly-ksn-nszz-solidarnosc\\\/#breadcrumb\"},\"inLanguage\":\"pl-PL\",\"potentialAction\":[{\"@type\":\"ReadAction\",\"target\":[\"https:\\\/\\\/www.solidarnosc.org.pl\\\/ksn\\\/uchwaly-ksn-nszz-solidarnosc\\\/\"]}]},{\"@type\":\"BreadcrumbList\",\"@id\":\"https:\\\/\\\/www.solidarnosc.org.pl\\\/ksn\\\/uchwaly-ksn-nszz-solidarnosc\\\/#breadcrumb\",\"itemListElement\":[{\"@type\":\"ListItem\",\"position\":1,\"name\":\"Strona g\u0142\u00f3wna\",\"item\":\"https:\\\/\\\/www.solidarnosc.org.pl\\\/ksn\\\/\"},{\"@type\":\"ListItem\",\"position\":2,\"name\":\"Uchwa\u0142y KSN NSZZ &#8222;Solidarno\u015b\u0107&#8221;\"}]},{\"@type\":\"WebSite\",\"@id\":\"https:\\\/\\\/www.solidarnosc.org.pl\\\/ksn\\\/#website\",\"url\":\"https:\\\/\\\/www.solidarnosc.org.pl\\\/ksn\\\/\",\"name\":\"Krajowa Sekcja Nauki NSZZ Solidarno\u015b\u0107\",\"description\":\"Strona KSN to sprawy pracownik\u00f3w w szkolnictwie wy\u017cszym i nauce w Polsce\",\"publisher\":{\"@id\":\"https:\\\/\\\/www.solidarnosc.org.pl\\\/ksn\\\/#organization\"},\"potentialAction\":[{\"@type\":\"SearchAction\",\"target\":{\"@type\":\"EntryPoint\",\"urlTemplate\":\"https:\\\/\\\/www.solidarnosc.org.pl\\\/ksn\\\/?s={search_term_string}\"},\"query-input\":{\"@type\":\"PropertyValueSpecification\",\"valueRequired\":true,\"valueName\":\"search_term_string\"}}],\"inLanguage\":\"pl-PL\"},{\"@type\":\"Organization\",\"@id\":\"https:\\\/\\\/www.solidarnosc.org.pl\\\/ksn\\\/#organization\",\"name\":\"Krajowa Sekcja Nauki NSZZ Solidarno\u015b\u0107\",\"url\":\"https:\\\/\\\/www.solidarnosc.org.pl\\\/ksn\\\/\",\"logo\":{\"@type\":\"ImageObject\",\"inLanguage\":\"pl-PL\",\"@id\":\"https:\\\/\\\/www.solidarnosc.org.pl\\\/ksn\\\/#\\\/schema\\\/logo\\\/image\\\/\",\"url\":\"https:\\\/\\\/www.solidarnosc.org.pl\\\/ksn\\\/wp-content\\\/uploads\\\/2024\\\/10\\\/profilowe-fb.jpg\",\"contentUrl\":\"https:\\\/\\\/www.solidarnosc.org.pl\\\/ksn\\\/wp-content\\\/uploads\\\/2024\\\/10\\\/profilowe-fb.jpg\",\"width\":720,\"height\":719,\"caption\":\"Krajowa Sekcja Nauki NSZZ Solidarno\u015b\u0107\"},\"image\":{\"@id\":\"https:\\\/\\\/www.solidarnosc.org.pl\\\/ksn\\\/#\\\/schema\\\/logo\\\/image\\\/\"}}]}<\/script>\n<!-- \/ Yoast SEO plugin. -->","yoast_head_json":{"title":"Uchwa\u0142y KSN NSZZ \"Solidarno\u015b\u0107\" - Krajowa Sekcja Nauki NSZZ Solidarno\u015b\u0107","robots":{"index":"index","follow":"follow","max-snippet":"max-snippet:-1","max-image-preview":"max-image-preview:large","max-video-preview":"max-video-preview:-1"},"canonical":"https:\/\/www.solidarnosc.org.pl\/ksn\/uchwaly-ksn-nszz-solidarnosc\/","og_locale":"pl_PL","og_type":"article","og_title":"Uchwa\u0142y KSN NSZZ \"Solidarno\u015b\u0107\" - Krajowa Sekcja Nauki NSZZ Solidarno\u015b\u0107","og_description":"Uchwa\u0142y Krajowej Sekcji Nauki NSZZ \u201eSolidarno\u015b\u0107&#8221;: Uchwa\u0142a nr 10\/2022\u00a0Rady Krajowej [&hellip;]","og_url":"https:\/\/www.solidarnosc.org.pl\/ksn\/uchwaly-ksn-nszz-solidarnosc\/","og_site_name":"Krajowa Sekcja Nauki NSZZ Solidarno\u015b\u0107","article_modified_time":"2023-01-03T16:27:11+00:00","twitter_card":"summary_large_image","twitter_misc":{"Szacowany czas czytania":"8 minut"},"schema":{"@context":"https:\/\/schema.org","@graph":[{"@type":"WebPage","@id":"https:\/\/www.solidarnosc.org.pl\/ksn\/uchwaly-ksn-nszz-solidarnosc\/","url":"https:\/\/www.solidarnosc.org.pl\/ksn\/uchwaly-ksn-nszz-solidarnosc\/","name":"Uchwa\u0142y KSN NSZZ \"Solidarno\u015b\u0107\" - Krajowa Sekcja Nauki NSZZ Solidarno\u015b\u0107","isPartOf":{"@id":"https:\/\/www.solidarnosc.org.pl\/ksn\/#website"},"datePublished":"2022-02-07T17:26:29+00:00","dateModified":"2023-01-03T16:27:11+00:00","breadcrumb":{"@id":"https:\/\/www.solidarnosc.org.pl\/ksn\/uchwaly-ksn-nszz-solidarnosc\/#breadcrumb"},"inLanguage":"pl-PL","potentialAction":[{"@type":"ReadAction","target":["https:\/\/www.solidarnosc.org.pl\/ksn\/uchwaly-ksn-nszz-solidarnosc\/"]}]},{"@type":"BreadcrumbList","@id":"https:\/\/www.solidarnosc.org.pl\/ksn\/uchwaly-ksn-nszz-solidarnosc\/#breadcrumb","itemListElement":[{"@type":"ListItem","position":1,"name":"Strona g\u0142\u00f3wna","item":"https:\/\/www.solidarnosc.org.pl\/ksn\/"},{"@type":"ListItem","position":2,"name":"Uchwa\u0142y KSN NSZZ &#8222;Solidarno\u015b\u0107&#8221;"}]},{"@type":"WebSite","@id":"https:\/\/www.solidarnosc.org.pl\/ksn\/#website","url":"https:\/\/www.solidarnosc.org.pl\/ksn\/","name":"Krajowa Sekcja Nauki NSZZ Solidarno\u015b\u0107","description":"Strona KSN to sprawy pracownik\u00f3w w szkolnictwie wy\u017cszym i nauce w Polsce","publisher":{"@id":"https:\/\/www.solidarnosc.org.pl\/ksn\/#organization"},"potentialAction":[{"@type":"SearchAction","target":{"@type":"EntryPoint","urlTemplate":"https:\/\/www.solidarnosc.org.pl\/ksn\/?s={search_term_string}"},"query-input":{"@type":"PropertyValueSpecification","valueRequired":true,"valueName":"search_term_string"}}],"inLanguage":"pl-PL"},{"@type":"Organization","@id":"https:\/\/www.solidarnosc.org.pl\/ksn\/#organization","name":"Krajowa Sekcja Nauki NSZZ Solidarno\u015b\u0107","url":"https:\/\/www.solidarnosc.org.pl\/ksn\/","logo":{"@type":"ImageObject","inLanguage":"pl-PL","@id":"https:\/\/www.solidarnosc.org.pl\/ksn\/#\/schema\/logo\/image\/","url":"https:\/\/www.solidarnosc.org.pl\/ksn\/wp-content\/uploads\/2024\/10\/profilowe-fb.jpg","contentUrl":"https:\/\/www.solidarnosc.org.pl\/ksn\/wp-content\/uploads\/2024\/10\/profilowe-fb.jpg","width":720,"height":719,"caption":"Krajowa Sekcja Nauki NSZZ Solidarno\u015b\u0107"},"image":{"@id":"https:\/\/www.solidarnosc.org.pl\/ksn\/#\/schema\/logo\/image\/"}}]}},"_links":{"self":[{"href":"https:\/\/www.solidarnosc.org.pl\/ksn\/wp-json\/wp\/v2\/pages\/268","targetHints":{"allow":["GET"]}}],"collection":[{"href":"https:\/\/www.solidarnosc.org.pl\/ksn\/wp-json\/wp\/v2\/pages"}],"about":[{"href":"https:\/\/www.solidarnosc.org.pl\/ksn\/wp-json\/wp\/v2\/types\/page"}],"author":[{"embeddable":true,"href":"https:\/\/www.solidarnosc.org.pl\/ksn\/wp-json\/wp\/v2\/users\/1"}],"replies":[{"embeddable":true,"href":"https:\/\/www.solidarnosc.org.pl\/ksn\/wp-json\/wp\/v2\/comments?post=268"}],"version-history":[{"count":8,"href":"https:\/\/www.solidarnosc.org.pl\/ksn\/wp-json\/wp\/v2\/pages\/268\/revisions"}],"predecessor-version":[{"id":2580,"href":"https:\/\/www.solidarnosc.org.pl\/ksn\/wp-json\/wp\/v2\/pages\/268\/revisions\/2580"}],"wp:attachment":[{"href":"https:\/\/www.solidarnosc.org.pl\/ksn\/wp-json\/wp\/v2\/media?parent=268"}],"curies":[{"name":"wp","href":"https:\/\/api.w.org\/{rel}","templated":true}]}}