{"id":10539,"date":"2023-04-26T12:04:12","date_gmt":"2023-04-26T10:04:12","guid":{"rendered":"https:\/\/www.solidarnosc.org.pl\/dok\/?page_id=10539"},"modified":"2023-04-27T09:43:07","modified_gmt":"2023-04-27T07:43:07","slug":"10539-2","status":"publish","type":"page","link":"https:\/\/www.solidarnosc.org.pl\/dok\/","title":{"rendered":""},"content":{"rendered":"\n<div class=\"wp-block-query is-layout-flow wp-block-query-is-layout-flow\"><ul class=\"wp-block-post-template is-layout-flow wp-block-post-template-is-layout-flow\"><li class=\"wp-block-post post-14167 post type-post status-publish format-standard hentry category-2026prezydium category-dokprez tag-3911 tag-42-26 tag-decyzja tag-decyzja-prezydium tag-prezydium\">\n<h2 style=\"color:#222222; font-size:1.4rem;\" class=\"wp-block-post-title has-text-color\"><a href=\"https:\/\/www.solidarnosc.org.pl\/dok\/2026\/04\/21\/decyzja-prezydium-kk-nr-42-26-ws-zgody-na-uzycie-nazwy-i-znaku-graficznego-nszz-solidarnosc\/\" target=\"_self\" >Decyzja Prezydium KK nr 42\/26 ws. zgody na u\u017cycie nazwy i znaku graficznego NSZZ \u201eSolidarno\u015b\u0107\u201d<\/a><\/h2>\n\n<div class=\"wp-block-post-excerpt\"><p class=\"wp-block-post-excerpt__excerpt\">Prezydium Komisji Krajowej NSZZ \u201eSolidarno\u015b\u0107\u201d, na wniosek wydawnictwa Tashka, wyra\u017ca zgod\u0119 na u\u017cycie nazwy i znaku graficznego NSZZ \u201eSolidarno\u015b\u0107\u201d w edukacyjnej publikacji dla dzieci pn. \u201eStocznia Gda\u0144ska\u201d, kt\u00f3ra otwiera cykl trzech ksi\u0105\u017cek po\u015bwi\u0119conych miastu Gda\u0144sk. Projekt \u0142\u0105czy w sobie warto\u015bci edukacyjne, kulturowe i spo\u0142eczne, kieruj\u0105c je do najm\u0142odszych odbiorc\u00f3w \u2013 dzieci w wieku przedszkolnym i<\/p><p class=\"wp-block-post-excerpt__more-text\"><a class=\"wp-block-post-excerpt__more-link\" href=\"https:\/\/www.solidarnosc.org.pl\/dok\/2026\/04\/21\/decyzja-prezydium-kk-nr-42-26-ws-zgody-na-uzycie-nazwy-i-znaku-graficznego-nszz-solidarnosc\/\">czytaj dalej&#8230;<\/a><\/p><\/div>\n\n\n<p class=\"has-small-font-size\"><\/p>\n\n\n\n<div class=\"wp-block-group is-nowrap is-layout-flex wp-container-core-group-is-layout-ad2f72ca wp-block-group-is-layout-flex\" style=\"font-size:1rem\">\n<p style=\"font-size:1rem\">Opublikowano <\/p>\n\n\n<div style=\"font-size:1rem;\" class=\"wp-block-post-date\"><time datetime=\"2026-04-21T14:47:16+02:00\">21.04.2026<\/time><\/div>\n\n<div style=\"font-size:1rem\" class=\"taxonomy-category wp-block-post-terms\"><span class=\"wp-block-post-terms__prefix\"> w: <\/span><a href=\"https:\/\/www.solidarnosc.org.pl\/dok\/category\/dokprez\/2026prezydium\/\" rel=\"tag\">2026 &#8211; Prezydium<\/a><span class=\"wp-block-post-terms__separator\">, <\/span><a href=\"https:\/\/www.solidarnosc.org.pl\/dok\/category\/dokprez\/\" rel=\"tag\">Dokumenty Prezydium<\/a><span class=\"wp-block-post-terms__suffix\"> , <\/span><\/div>\n\n<div style=\"font-size:1rem\" class=\"taxonomy-post_tag wp-block-post-terms\"><span class=\"wp-block-post-terms__prefix\">Tagi: <\/span><a href=\"https:\/\/www.solidarnosc.org.pl\/dok\/tag\/2026\/\" rel=\"tag\">2026<\/a><span class=\"wp-block-post-terms__separator\">, <\/span><a href=\"https:\/\/www.solidarnosc.org.pl\/dok\/tag\/42-26\/\" rel=\"tag\">42\/26<\/a><span class=\"wp-block-post-terms__separator\">, <\/span><a href=\"https:\/\/www.solidarnosc.org.pl\/dok\/tag\/decyzja\/\" rel=\"tag\">Decyzja<\/a><span class=\"wp-block-post-terms__separator\">, <\/span><a href=\"https:\/\/www.solidarnosc.org.pl\/dok\/tag\/decyzja-prezydium\/\" rel=\"tag\">Decyzja Prezydium<\/a><span class=\"wp-block-post-terms__separator\">, <\/span><a href=\"https:\/\/www.solidarnosc.org.pl\/dok\/tag\/prezydium\/\" rel=\"tag\">Prezydium<\/a><span class=\"wp-block-post-terms__suffix\">  <\/span><\/div><\/div>\n\n\n\n<hr class=\"wp-block-separator has-css-opacity\"\/>\n\n<\/li><li class=\"wp-block-post post-14164 post type-post status-publish format-standard hentry category-2026prezydium category-dokprez tag-3911 tag-41-26 tag-decyzja tag-decyzja-prezydium tag-prezydium\">\n<h2 style=\"color:#222222; font-size:1.4rem;\" class=\"wp-block-post-title has-text-color\"><a href=\"https:\/\/www.solidarnosc.org.pl\/dok\/2026\/04\/21\/decyzja-prezydium-kk-nr-41-26-ws-opinii-o-projekcie-ustawy-mrpips-o-zmianie-ustawy-o-pomocy-spolecznej-oraz-niektorych-innych-ustaw-ud315\/\" target=\"_self\" >Decyzja Prezydium KK nr 41\/26 ws. opinii o projekcie ustawy MRPiPS o zmianie ustawy o pomocy spo\u0142ecznej oraz niekt\u00f3rych innych ustaw (UD315)<\/a><\/h2>\n\n<div class=\"wp-block-post-excerpt\"><p class=\"wp-block-post-excerpt__excerpt\">Prezydium Komisji Krajowej NSZZ \u201eSolidarno\u015b\u0107\u201d wnosi nast\u0119puj\u0105ce uwagi do projektu ustawy Ministra Rodziny, Pracy i Polityki Spo\u0142ecznej o zmianie ustawy o pomocy spo\u0142ecznej oraz niekt\u00f3rych innych ustaw z dnia 26 marca 2026 roku. Zgodnie z uzasadnieniem, celem projektowanej ustawy jest wdro\u017cenie pierwszego etapu reformy systemu pomocy spo\u0142ecznej, w odpowiedzi na potrzeb\u0119 zwi\u0119kszenia dost\u0119pno\u015bci i jako\u015bci<\/p><p class=\"wp-block-post-excerpt__more-text\"><a class=\"wp-block-post-excerpt__more-link\" href=\"https:\/\/www.solidarnosc.org.pl\/dok\/2026\/04\/21\/decyzja-prezydium-kk-nr-41-26-ws-opinii-o-projekcie-ustawy-mrpips-o-zmianie-ustawy-o-pomocy-spolecznej-oraz-niektorych-innych-ustaw-ud315\/\">czytaj dalej&#8230;<\/a><\/p><\/div>\n\n\n<p class=\"has-small-font-size\"><\/p>\n\n\n\n<div class=\"wp-block-group is-nowrap is-layout-flex wp-container-core-group-is-layout-ad2f72ca wp-block-group-is-layout-flex\" style=\"font-size:1rem\">\n<p style=\"font-size:1rem\">Opublikowano <\/p>\n\n\n<div style=\"font-size:1rem;\" class=\"wp-block-post-date\"><time datetime=\"2026-04-21T14:41:10+02:00\">21.04.2026<\/time><\/div>\n\n<div style=\"font-size:1rem\" class=\"taxonomy-category wp-block-post-terms\"><span class=\"wp-block-post-terms__prefix\"> w: <\/span><a href=\"https:\/\/www.solidarnosc.org.pl\/dok\/category\/dokprez\/2026prezydium\/\" rel=\"tag\">2026 &#8211; Prezydium<\/a><span class=\"wp-block-post-terms__separator\">, <\/span><a href=\"https:\/\/www.solidarnosc.org.pl\/dok\/category\/dokprez\/\" rel=\"tag\">Dokumenty Prezydium<\/a><span class=\"wp-block-post-terms__suffix\"> , <\/span><\/div>\n\n<div style=\"font-size:1rem\" class=\"taxonomy-post_tag wp-block-post-terms\"><span class=\"wp-block-post-terms__prefix\">Tagi: <\/span><a href=\"https:\/\/www.solidarnosc.org.pl\/dok\/tag\/2026\/\" rel=\"tag\">2026<\/a><span class=\"wp-block-post-terms__separator\">, <\/span><a href=\"https:\/\/www.solidarnosc.org.pl\/dok\/tag\/41-26\/\" rel=\"tag\">41\/26<\/a><span class=\"wp-block-post-terms__separator\">, <\/span><a href=\"https:\/\/www.solidarnosc.org.pl\/dok\/tag\/decyzja\/\" rel=\"tag\">Decyzja<\/a><span class=\"wp-block-post-terms__separator\">, <\/span><a href=\"https:\/\/www.solidarnosc.org.pl\/dok\/tag\/decyzja-prezydium\/\" rel=\"tag\">Decyzja Prezydium<\/a><span class=\"wp-block-post-terms__separator\">, <\/span><a href=\"https:\/\/www.solidarnosc.org.pl\/dok\/tag\/prezydium\/\" rel=\"tag\">Prezydium<\/a><span class=\"wp-block-post-terms__suffix\">  <\/span><\/div><\/div>\n\n\n\n<hr class=\"wp-block-separator has-css-opacity\"\/>\n\n<\/li><li class=\"wp-block-post post-14161 post type-post status-publish format-standard hentry category-2026prezydium category-dokprez tag-3911 tag-40-26 tag-decyzja tag-decyzja-prezydium tag-prezydium\">\n<h2 style=\"color:#222222; font-size:1.4rem;\" class=\"wp-block-post-title has-text-color\"><a href=\"https:\/\/www.solidarnosc.org.pl\/dok\/2026\/04\/21\/decyzja-prezydium-kk-nr-40-26-ws-opinii-o-projekcie-ustawy-mrpips-o-zmianie-ustawy-o-wspieraniu-rodziny-i-systemie-pieczy-zastepczej-oraz-niektorych-innych-ustaw-ud354\/\" target=\"_self\" >Decyzja Prezydium KK nr 40\/26 ws. opinii o projekcie ustawy MRPiPS o zmianie ustawy o wspieraniu rodziny i systemie pieczy zast\u0119pczej oraz niekt\u00f3rych innych ustaw (UD354)<\/a><\/h2>\n\n<div class=\"wp-block-post-excerpt\"><p class=\"wp-block-post-excerpt__excerpt\">Prezydium Komisji Krajowej NSZZ \u201eSolidarno\u015b\u0107\u201d popiera kierunek zmian wynikaj\u0105cy z projektu ustawy Ministra Rodziny, Pracy i Polityki Spo\u0142ecznej o zmianie ustawy o wspieraniu rodziny i systemie pieczy zast\u0119pczej oraz niekt\u00f3rych innych ustaw0 \u00a0z dnia 20 marca 2026 r., jednocze\u015bnie wnosi nast\u0119puj\u0105ce uwagi. Uwagi og\u00f3lne: Zdaniem NSZZ \u201eSolidarno\u015b\u0107\u201d wszystkie formy rodzinnej pieczy zast\u0119pczej powinny zosta\u0107 obj\u0119te<\/p><p class=\"wp-block-post-excerpt__more-text\"><a class=\"wp-block-post-excerpt__more-link\" href=\"https:\/\/www.solidarnosc.org.pl\/dok\/2026\/04\/21\/decyzja-prezydium-kk-nr-40-26-ws-opinii-o-projekcie-ustawy-mrpips-o-zmianie-ustawy-o-wspieraniu-rodziny-i-systemie-pieczy-zastepczej-oraz-niektorych-innych-ustaw-ud354\/\">czytaj dalej&#8230;<\/a><\/p><\/div>\n\n\n<p class=\"has-small-font-size\"><\/p>\n\n\n\n<div class=\"wp-block-group is-nowrap is-layout-flex wp-container-core-group-is-layout-ad2f72ca wp-block-group-is-layout-flex\" style=\"font-size:1rem\">\n<p style=\"font-size:1rem\">Opublikowano <\/p>\n\n\n<div style=\"font-size:1rem;\" class=\"wp-block-post-date\"><time datetime=\"2026-04-21T14:34:02+02:00\">21.04.2026<\/time><\/div>\n\n<div style=\"font-size:1rem\" class=\"taxonomy-category wp-block-post-terms\"><span class=\"wp-block-post-terms__prefix\"> w: <\/span><a href=\"https:\/\/www.solidarnosc.org.pl\/dok\/category\/dokprez\/2026prezydium\/\" rel=\"tag\">2026 &#8211; Prezydium<\/a><span class=\"wp-block-post-terms__separator\">, <\/span><a href=\"https:\/\/www.solidarnosc.org.pl\/dok\/category\/dokprez\/\" rel=\"tag\">Dokumenty Prezydium<\/a><span class=\"wp-block-post-terms__suffix\"> , <\/span><\/div>\n\n<div style=\"font-size:1rem\" class=\"taxonomy-post_tag wp-block-post-terms\"><span class=\"wp-block-post-terms__prefix\">Tagi: <\/span><a href=\"https:\/\/www.solidarnosc.org.pl\/dok\/tag\/2026\/\" rel=\"tag\">2026<\/a><span class=\"wp-block-post-terms__separator\">, <\/span><a href=\"https:\/\/www.solidarnosc.org.pl\/dok\/tag\/40-26\/\" rel=\"tag\">40\/26<\/a><span class=\"wp-block-post-terms__separator\">, <\/span><a href=\"https:\/\/www.solidarnosc.org.pl\/dok\/tag\/decyzja\/\" rel=\"tag\">Decyzja<\/a><span class=\"wp-block-post-terms__separator\">, <\/span><a href=\"https:\/\/www.solidarnosc.org.pl\/dok\/tag\/decyzja-prezydium\/\" rel=\"tag\">Decyzja Prezydium<\/a><span class=\"wp-block-post-terms__separator\">, <\/span><a href=\"https:\/\/www.solidarnosc.org.pl\/dok\/tag\/prezydium\/\" rel=\"tag\">Prezydium<\/a><span class=\"wp-block-post-terms__suffix\">  <\/span><\/div><\/div>\n\n\n\n<hr class=\"wp-block-separator has-css-opacity\"\/>\n\n<\/li><li class=\"wp-block-post post-14159 post type-post status-publish format-standard hentry category-2026prezydium category-dokprez tag-3911 tag-39-26 tag-decyzja tag-decyzja-prezydium tag-prezydium\">\n<h2 style=\"color:#222222; font-size:1.4rem;\" class=\"wp-block-post-title has-text-color\"><a href=\"https:\/\/www.solidarnosc.org.pl\/dok\/2026\/04\/21\/decyzja-prezydium-kk-nr-39-26-ws-udzielenia-pelnomocnictwa-do-reprezentowania-niezaleznego-samorzadnego-zwiazku-zawodowego-solidarnosc-na-nadzwyczajnym-zgromadzeniu-wspolnikow-spolk\/\" target=\"_self\" >Decyzja Prezydium KK nr 39\/26 ws. udzielenia pe\u0142nomocnictwa do reprezentowania Niezale\u017cnego Samorz\u0105dnego Zwi\u0105zku Zawodowego \u201eSolidarno\u015b\u0107\u201d na Nadzwyczajnym Zgromadzeniu Wsp\u00f3lnik\u00f3w Sp\u00f3\u0142ki PPUH \u201eDEKOM\u201d sp\u00f3\u0142ka z ograniczon\u0105 odpowiedzialno\u015bci\u0105 z siedzib\u0105 w Gda\u0144sku<\/a><\/h2>\n\n<div class=\"wp-block-post-excerpt\"><p class=\"wp-block-post-excerpt__excerpt\">(do u\u017cytku s\u0142u\u017cbowego)<\/p><p class=\"wp-block-post-excerpt__more-text\"><a class=\"wp-block-post-excerpt__more-link\" href=\"https:\/\/www.solidarnosc.org.pl\/dok\/2026\/04\/21\/decyzja-prezydium-kk-nr-39-26-ws-udzielenia-pelnomocnictwa-do-reprezentowania-niezaleznego-samorzadnego-zwiazku-zawodowego-solidarnosc-na-nadzwyczajnym-zgromadzeniu-wspolnikow-spolk\/\">czytaj dalej&#8230;<\/a><\/p><\/div>\n\n\n<p class=\"has-small-font-size\"><\/p>\n\n\n\n<div class=\"wp-block-group is-nowrap is-layout-flex wp-container-core-group-is-layout-ad2f72ca wp-block-group-is-layout-flex\" style=\"font-size:1rem\">\n<p style=\"font-size:1rem\">Opublikowano <\/p>\n\n\n<div style=\"font-size:1rem;\" class=\"wp-block-post-date\"><time datetime=\"2026-04-21T14:31:14+02:00\">21.04.2026<\/time><\/div>\n\n<div style=\"font-size:1rem\" class=\"taxonomy-category wp-block-post-terms\"><span class=\"wp-block-post-terms__prefix\"> w: <\/span><a href=\"https:\/\/www.solidarnosc.org.pl\/dok\/category\/dokprez\/2026prezydium\/\" rel=\"tag\">2026 &#8211; Prezydium<\/a><span class=\"wp-block-post-terms__separator\">, <\/span><a href=\"https:\/\/www.solidarnosc.org.pl\/dok\/category\/dokprez\/\" rel=\"tag\">Dokumenty Prezydium<\/a><span class=\"wp-block-post-terms__suffix\"> , <\/span><\/div>\n\n<div style=\"font-size:1rem\" class=\"taxonomy-post_tag wp-block-post-terms\"><span class=\"wp-block-post-terms__prefix\">Tagi: <\/span><a href=\"https:\/\/www.solidarnosc.org.pl\/dok\/tag\/2026\/\" rel=\"tag\">2026<\/a><span class=\"wp-block-post-terms__separator\">, <\/span><a href=\"https:\/\/www.solidarnosc.org.pl\/dok\/tag\/39-26\/\" rel=\"tag\">39\/26<\/a><span class=\"wp-block-post-terms__separator\">, <\/span><a href=\"https:\/\/www.solidarnosc.org.pl\/dok\/tag\/decyzja\/\" rel=\"tag\">Decyzja<\/a><span class=\"wp-block-post-terms__separator\">, <\/span><a href=\"https:\/\/www.solidarnosc.org.pl\/dok\/tag\/decyzja-prezydium\/\" rel=\"tag\">Decyzja Prezydium<\/a><span class=\"wp-block-post-terms__separator\">, <\/span><a href=\"https:\/\/www.solidarnosc.org.pl\/dok\/tag\/prezydium\/\" rel=\"tag\">Prezydium<\/a><span class=\"wp-block-post-terms__suffix\">  <\/span><\/div><\/div>\n\n\n\n<hr class=\"wp-block-separator has-css-opacity\"\/>\n\n<\/li><li class=\"wp-block-post post-14155 post type-post status-publish format-standard hentry category-2026prezydium category-dokprez tag-3911 tag-38-26 tag-decyzja tag-decyzja-prezydium tag-prezydium\">\n<h2 style=\"color:#222222; font-size:1.4rem;\" class=\"wp-block-post-title has-text-color\"><a href=\"https:\/\/www.solidarnosc.org.pl\/dok\/2026\/04\/17\/decyzja-prezydium-kk-nr-38-26ws-odwolania-dotychczasowego-i-powolania-nowego-przedstawiciela-nszz-solidarnosc-zespolu-do-spraw-wsparcia-zrownowazonego-rozwoju-przedsiebiorstw\/\" target=\"_self\" >Decyzja Prezydium KK nr 38\/26 ws. odwo\u0142ania dotychczasowego i powo\u0142ania nowego przedstawiciela NSZZ \u201eSolidarno\u015b\u0107&#8221; Zespo\u0142u do spraw wsparcia zr\u00f3wnowa\u017conego rozwoju przedsi\u0119biorstw<\/a><\/h2>\n\n<div class=\"wp-block-post-excerpt\"><p class=\"wp-block-post-excerpt__excerpt\">Prezydium Komisji Krajowej NSZZ \u201eSolidarno\u015b\u0107&#8221; postanawia odwo\u0142a\u0107 przedstawiciela NSZZ \u201eSolidarno\u015b\u0107\u201d\u00a0 Pani\u0105 Marzen\u0119 Podolsk\u0105 \u2013 Bojahr i zg\u0142osi\u0107 Pani\u0105 Ew\u0119 K\u0119dzior\u00a0 jako cz\u0142onka Zespo\u0142u do spraw wsparcia zr\u00f3wnowa\u017conego rozwoju przedsi\u0119biorstw. &nbsp;<\/p><p class=\"wp-block-post-excerpt__more-text\"><a class=\"wp-block-post-excerpt__more-link\" href=\"https:\/\/www.solidarnosc.org.pl\/dok\/2026\/04\/17\/decyzja-prezydium-kk-nr-38-26ws-odwolania-dotychczasowego-i-powolania-nowego-przedstawiciela-nszz-solidarnosc-zespolu-do-spraw-wsparcia-zrownowazonego-rozwoju-przedsiebiorstw\/\">czytaj dalej&#8230;<\/a><\/p><\/div>\n\n\n<p class=\"has-small-font-size\"><\/p>\n\n\n\n<div class=\"wp-block-group is-nowrap is-layout-flex wp-container-core-group-is-layout-ad2f72ca wp-block-group-is-layout-flex\" style=\"font-size:1rem\">\n<p style=\"font-size:1rem\">Opublikowano <\/p>\n\n\n<div style=\"font-size:1rem;\" class=\"wp-block-post-date\"><time datetime=\"2026-04-17T08:42:33+02:00\">17.04.2026<\/time><\/div>\n\n<div style=\"font-size:1rem\" class=\"taxonomy-category wp-block-post-terms\"><span class=\"wp-block-post-terms__prefix\"> w: <\/span><a href=\"https:\/\/www.solidarnosc.org.pl\/dok\/category\/dokprez\/2026prezydium\/\" rel=\"tag\">2026 &#8211; Prezydium<\/a><span class=\"wp-block-post-terms__separator\">, <\/span><a href=\"https:\/\/www.solidarnosc.org.pl\/dok\/category\/dokprez\/\" rel=\"tag\">Dokumenty Prezydium<\/a><span class=\"wp-block-post-terms__suffix\"> , <\/span><\/div>\n\n<div style=\"font-size:1rem\" class=\"taxonomy-post_tag wp-block-post-terms\"><span class=\"wp-block-post-terms__prefix\">Tagi: <\/span><a href=\"https:\/\/www.solidarnosc.org.pl\/dok\/tag\/2026\/\" rel=\"tag\">2026<\/a><span class=\"wp-block-post-terms__separator\">, <\/span><a href=\"https:\/\/www.solidarnosc.org.pl\/dok\/tag\/38-26\/\" rel=\"tag\">38\/26<\/a><span class=\"wp-block-post-terms__separator\">, <\/span><a href=\"https:\/\/www.solidarnosc.org.pl\/dok\/tag\/decyzja\/\" rel=\"tag\">Decyzja<\/a><span class=\"wp-block-post-terms__separator\">, <\/span><a href=\"https:\/\/www.solidarnosc.org.pl\/dok\/tag\/decyzja-prezydium\/\" rel=\"tag\">Decyzja Prezydium<\/a><span class=\"wp-block-post-terms__separator\">, <\/span><a href=\"https:\/\/www.solidarnosc.org.pl\/dok\/tag\/prezydium\/\" rel=\"tag\">Prezydium<\/a><span class=\"wp-block-post-terms__suffix\">  <\/span><\/div><\/div>\n\n\n\n<hr class=\"wp-block-separator has-css-opacity\"\/>\n\n<\/li><li class=\"wp-block-post post-14152 post type-post status-publish format-standard hentry category-2026prezydium category-dokprez tag-3911 tag-37-26 tag-decyzja tag-decyzja-prezydium tag-prezydium\">\n<h2 style=\"color:#222222; font-size:1.4rem;\" class=\"wp-block-post-title has-text-color\"><a href=\"https:\/\/www.solidarnosc.org.pl\/dok\/2026\/04\/14\/decyzja-prezydium-kk-nr-37-26-ws-senackiego-projektu-ustawy-z-dnia-12-marca-2026-r-o-zmianie-ustawy-o-rehabilitacji-zawodowej-i-spolecznej-oraz-zatrudnianiu-osob-niepelnosprawnych\/\" target=\"_self\" >Decyzja Prezydium KK nr 37\/26 ws. senackiego projektu ustawy z dnia 12 marca 2026 r. o zmianie ustawy o rehabilitacji zawodowej i spo\u0142ecznej oraz zatrudnianiu os\u00f3b niepe\u0142nosprawnych<\/a><\/h2>\n\n<div class=\"wp-block-post-excerpt\"><p class=\"wp-block-post-excerpt__excerpt\">Prezydium Komisji K NSZZ \u201eSolidarno\u015b\u0107\u201d pozytywnie opiniuje senacki projekt ustawy z dnia 12 marca 2026 r. o zmianie ustawy o rehabilitacji zawodowej i spo\u0142ecznej oraz zatrudnianiu os\u00f3b niepe\u0142nosprawnych. Zaproponowane w projekcie ustawy rozwi\u0105zanie eliminuje roczny okres oczekiwania na nabycie prawa do dodatkowego urlopu wypoczynkowego przez osob\u0119 zaliczon\u0105 do znacznego lub umiarkowanego stopnia niepe\u0142nosprawno\u015bci, przys\u0142uguj\u0105cego w<\/p><p class=\"wp-block-post-excerpt__more-text\"><a class=\"wp-block-post-excerpt__more-link\" href=\"https:\/\/www.solidarnosc.org.pl\/dok\/2026\/04\/14\/decyzja-prezydium-kk-nr-37-26-ws-senackiego-projektu-ustawy-z-dnia-12-marca-2026-r-o-zmianie-ustawy-o-rehabilitacji-zawodowej-i-spolecznej-oraz-zatrudnianiu-osob-niepelnosprawnych\/\">czytaj dalej&#8230;<\/a><\/p><\/div>\n\n\n<p class=\"has-small-font-size\"><\/p>\n\n\n\n<div class=\"wp-block-group is-nowrap is-layout-flex wp-container-core-group-is-layout-ad2f72ca wp-block-group-is-layout-flex\" style=\"font-size:1rem\">\n<p style=\"font-size:1rem\">Opublikowano <\/p>\n\n\n<div style=\"font-size:1rem;\" class=\"wp-block-post-date\"><time datetime=\"2026-04-14T08:37:23+02:00\">14.04.2026<\/time><\/div>\n\n<div style=\"font-size:1rem\" class=\"taxonomy-category wp-block-post-terms\"><span class=\"wp-block-post-terms__prefix\"> w: <\/span><a href=\"https:\/\/www.solidarnosc.org.pl\/dok\/category\/dokprez\/2026prezydium\/\" rel=\"tag\">2026 &#8211; Prezydium<\/a><span class=\"wp-block-post-terms__separator\">, <\/span><a href=\"https:\/\/www.solidarnosc.org.pl\/dok\/category\/dokprez\/\" rel=\"tag\">Dokumenty Prezydium<\/a><span class=\"wp-block-post-terms__suffix\"> , <\/span><\/div>\n\n<div style=\"font-size:1rem\" class=\"taxonomy-post_tag wp-block-post-terms\"><span class=\"wp-block-post-terms__prefix\">Tagi: <\/span><a href=\"https:\/\/www.solidarnosc.org.pl\/dok\/tag\/2026\/\" rel=\"tag\">2026<\/a><span class=\"wp-block-post-terms__separator\">, <\/span><a href=\"https:\/\/www.solidarnosc.org.pl\/dok\/tag\/37-26\/\" rel=\"tag\">37\/26<\/a><span class=\"wp-block-post-terms__separator\">, <\/span><a href=\"https:\/\/www.solidarnosc.org.pl\/dok\/tag\/decyzja\/\" rel=\"tag\">Decyzja<\/a><span class=\"wp-block-post-terms__separator\">, <\/span><a href=\"https:\/\/www.solidarnosc.org.pl\/dok\/tag\/decyzja-prezydium\/\" rel=\"tag\">Decyzja Prezydium<\/a><span class=\"wp-block-post-terms__separator\">, <\/span><a href=\"https:\/\/www.solidarnosc.org.pl\/dok\/tag\/prezydium\/\" rel=\"tag\">Prezydium<\/a><span class=\"wp-block-post-terms__suffix\">  <\/span><\/div><\/div>\n\n\n\n<hr class=\"wp-block-separator has-css-opacity\"\/>\n\n<\/li><li class=\"wp-block-post post-14142 post type-post status-publish format-standard hentry category-2026prezydium category-dokprez tag-3911 tag-36-26 tag-decyzja tag-decyzja-prezydium tag-prezydium\">\n<h2 style=\"color:#222222; font-size:1.4rem;\" class=\"wp-block-post-title has-text-color\"><a href=\"https:\/\/www.solidarnosc.org.pl\/dok\/2026\/04\/10\/decyzja-prezydium-kk-nr-36-26-ws-przedstawicieli-nszz-solidarnosc-w-grupach-roboczych-zespolu-wspierajacego-prace-nad-planem-partnerstwa-krajowego-i-regionalnego\/\" target=\"_self\" >Decyzja Prezydium KK nr 36\/26 ws. przedstawicieli NSZZ \u201eSolidarno\u015b\u0107\u201d w grupach roboczych Zespo\u0142u wspieraj\u0105cego prace nad Planem Partnerstwa Krajowego i Regionalnego<\/a><\/h2>\n\n<div class=\"wp-block-post-excerpt\"><p class=\"wp-block-post-excerpt__excerpt\">Prezydium Komisji Krajowej NSZZ \u201eSolidarno\u015b\u0107\u201d zg\u0142asza nast\u0119puj\u0105ce osoby do grup roboczych Zespo\u0142u wspieraj\u0105cego prace nad Planem Partnerstwa Krajowego i Regionalnego (PPKR): Grupa 1 &#8211; Programowanie Wsp\u00f3lnej Polityki Rolnej &#8211; Pan Micha\u0142 Nowak Grupa 5 &#8211; Programowanie Priorytetu 2 pn. Sp\u00f3jno\u015b\u0107 wewn\u0119trzna &#8211; Pani El\u017cbieta Wielg Grupa 6 &#8211; Programowanie Priorytetu 3 pn. Transformacja energetyczna, odporno\u015b\u0107<\/p><p class=\"wp-block-post-excerpt__more-text\"><a class=\"wp-block-post-excerpt__more-link\" href=\"https:\/\/www.solidarnosc.org.pl\/dok\/2026\/04\/10\/decyzja-prezydium-kk-nr-36-26-ws-przedstawicieli-nszz-solidarnosc-w-grupach-roboczych-zespolu-wspierajacego-prace-nad-planem-partnerstwa-krajowego-i-regionalnego\/\">czytaj dalej&#8230;<\/a><\/p><\/div>\n\n\n<p class=\"has-small-font-size\"><\/p>\n\n\n\n<div class=\"wp-block-group is-nowrap is-layout-flex wp-container-core-group-is-layout-ad2f72ca wp-block-group-is-layout-flex\" style=\"font-size:1rem\">\n<p style=\"font-size:1rem\">Opublikowano <\/p>\n\n\n<div style=\"font-size:1rem;\" class=\"wp-block-post-date\"><time datetime=\"2026-04-10T14:37:53+02:00\">10.04.2026<\/time><\/div>\n\n<div style=\"font-size:1rem\" class=\"taxonomy-category wp-block-post-terms\"><span class=\"wp-block-post-terms__prefix\"> w: <\/span><a href=\"https:\/\/www.solidarnosc.org.pl\/dok\/category\/dokprez\/2026prezydium\/\" rel=\"tag\">2026 &#8211; Prezydium<\/a><span class=\"wp-block-post-terms__separator\">, <\/span><a href=\"https:\/\/www.solidarnosc.org.pl\/dok\/category\/dokprez\/\" rel=\"tag\">Dokumenty Prezydium<\/a><span class=\"wp-block-post-terms__suffix\"> , <\/span><\/div>\n\n<div style=\"font-size:1rem\" class=\"taxonomy-post_tag wp-block-post-terms\"><span class=\"wp-block-post-terms__prefix\">Tagi: <\/span><a href=\"https:\/\/www.solidarnosc.org.pl\/dok\/tag\/2026\/\" rel=\"tag\">2026<\/a><span class=\"wp-block-post-terms__separator\">, <\/span><a href=\"https:\/\/www.solidarnosc.org.pl\/dok\/tag\/36-26\/\" rel=\"tag\">36\/26<\/a><span class=\"wp-block-post-terms__separator\">, <\/span><a href=\"https:\/\/www.solidarnosc.org.pl\/dok\/tag\/decyzja\/\" rel=\"tag\">Decyzja<\/a><span class=\"wp-block-post-terms__separator\">, <\/span><a href=\"https:\/\/www.solidarnosc.org.pl\/dok\/tag\/decyzja-prezydium\/\" rel=\"tag\">Decyzja Prezydium<\/a><span class=\"wp-block-post-terms__separator\">, <\/span><a href=\"https:\/\/www.solidarnosc.org.pl\/dok\/tag\/prezydium\/\" rel=\"tag\">Prezydium<\/a><span class=\"wp-block-post-terms__suffix\">  <\/span><\/div><\/div>\n\n\n\n<hr class=\"wp-block-separator has-css-opacity\"\/>\n\n<\/li><li class=\"wp-block-post post-14130 post type-post status-publish format-standard hentry category-2026prezydium tag-3911 tag-35-26 tag-decyzja tag-decyzja-prezydium tag-prezydium\">\n<h2 style=\"color:#222222; font-size:1.4rem;\" class=\"wp-block-post-title has-text-color\"><a href=\"https:\/\/www.solidarnosc.org.pl\/dok\/2026\/04\/08\/decyzja-prezydium-kk-nr-35-26-ws-opinii-o-rzadowym-projekcie-ustawy-o-zmianie-ustawy-o-podatku-dochodowym-od-osob-fizycznych-ustawy-o-podatku-dochodowym-od-osob-prawnych-oraz-ustawy-o-zryczaltowanym\/\" target=\"_self\" >Decyzja Prezydium KK nr 35\/26 ws. opinii o rz\u0105dowym projekcie ustawy o zmianie ustawy o podatku dochodowym od os\u00f3b fizycznych, ustawy o podatku dochodowym od os\u00f3b prawnych oraz ustawy o zrycza\u0142towanym podatku dochodowym od niekt\u00f3rych przychod\u00f3w osi\u0105ganych przez osoby fizyczne (UD116)<\/a><\/h2>\n\n<div class=\"wp-block-post-excerpt\"><p class=\"wp-block-post-excerpt__excerpt\">Prezydium Komisji Krajowej NSZZ \u201eSolidarno\u015b\u0107\u201d podtrzymuje opini\u0119 wyra\u017con\u0105 w decyzji Prezydium KK NSZZ \u201eSolidarno\u015b\u0107\u201d nr 134\/25. Jednocze\u015bnie Prezydium KK pozytywnie ocenia nast\u0119puj\u0105ce zapisy w rz\u0105dowym projekcie ustawy o zmianie ustawy o podatku dochodowym od os\u00f3b fizycznych, ustawy o podatku dochodowym od os\u00f3b prawnych oraz ustawy o zrycza\u0142towanym podatku dochodowym od niekt\u00f3rych przychod\u00f3w osi\u0105ganych przez osoby<\/p><p class=\"wp-block-post-excerpt__more-text\"><a class=\"wp-block-post-excerpt__more-link\" href=\"https:\/\/www.solidarnosc.org.pl\/dok\/2026\/04\/08\/decyzja-prezydium-kk-nr-35-26-ws-opinii-o-rzadowym-projekcie-ustawy-o-zmianie-ustawy-o-podatku-dochodowym-od-osob-fizycznych-ustawy-o-podatku-dochodowym-od-osob-prawnych-oraz-ustawy-o-zryczaltowanym\/\">czytaj dalej&#8230;<\/a><\/p><\/div>\n\n\n<p class=\"has-small-font-size\"><\/p>\n\n\n\n<div class=\"wp-block-group is-nowrap is-layout-flex wp-container-core-group-is-layout-ad2f72ca wp-block-group-is-layout-flex\" style=\"font-size:1rem\">\n<p style=\"font-size:1rem\">Opublikowano <\/p>\n\n\n<div style=\"font-size:1rem;\" class=\"wp-block-post-date\"><time datetime=\"2026-04-08T13:52:50+02:00\">08.04.2026<\/time><\/div>\n\n<div style=\"font-size:1rem\" class=\"taxonomy-category wp-block-post-terms\"><span class=\"wp-block-post-terms__prefix\"> w: <\/span><a href=\"https:\/\/www.solidarnosc.org.pl\/dok\/category\/dokprez\/2026prezydium\/\" rel=\"tag\">2026 &#8211; Prezydium<\/a><span class=\"wp-block-post-terms__suffix\"> , <\/span><\/div>\n\n<div style=\"font-size:1rem\" class=\"taxonomy-post_tag wp-block-post-terms\"><span class=\"wp-block-post-terms__prefix\">Tagi: <\/span><a href=\"https:\/\/www.solidarnosc.org.pl\/dok\/tag\/2026\/\" rel=\"tag\">2026<\/a><span class=\"wp-block-post-terms__separator\">, <\/span><a href=\"https:\/\/www.solidarnosc.org.pl\/dok\/tag\/35-26\/\" rel=\"tag\">35\/26<\/a><span class=\"wp-block-post-terms__separator\">, <\/span><a href=\"https:\/\/www.solidarnosc.org.pl\/dok\/tag\/decyzja\/\" rel=\"tag\">Decyzja<\/a><span class=\"wp-block-post-terms__separator\">, <\/span><a href=\"https:\/\/www.solidarnosc.org.pl\/dok\/tag\/decyzja-prezydium\/\" rel=\"tag\">Decyzja Prezydium<\/a><span class=\"wp-block-post-terms__separator\">, <\/span><a href=\"https:\/\/www.solidarnosc.org.pl\/dok\/tag\/prezydium\/\" rel=\"tag\">Prezydium<\/a><span class=\"wp-block-post-terms__suffix\">  <\/span><\/div><\/div>\n\n\n\n<hr class=\"wp-block-separator has-css-opacity\"\/>\n\n<\/li><li class=\"wp-block-post post-14127 post type-post status-publish format-standard hentry category-2026prezydium category-dokprez tag-3911 tag-34-26 tag-decyzja tag-decyzja-prezydium tag-prezydium\">\n<h2 style=\"color:#222222; font-size:1.4rem;\" class=\"wp-block-post-title has-text-color\"><a href=\"https:\/\/www.solidarnosc.org.pl\/dok\/2026\/04\/02\/decyzja-prezydium-kk-nr-34-26-ws-wyrazenia-zgody-na-rozszerzenie-zasiegu-dzialania-miedzyzakladowej-organizacji-zwiazkowej-nszz-solidarnosc-przy-przedsiebiorstwie-gorniczym-silesi\/\" target=\"_self\" >Decyzja Prezydium KK nr 34\/26 ws. wyra\u017cenia zgody na rozszerzenie zasi\u0119gu dzia\u0142ania Mi\u0119dzyzak\u0142adowej Organizacji Zwi\u0105zkowej NSZZ ,,Solidarno\u015b\u0107\u201d przy Przedsi\u0119biorstwie G\u00f3rniczym \u201eSilesia\u201d Sp. z o.o.na pracodawc\u0119 prowadz\u0105cego dzia\u0142alno\u015b\u0107 na terenie innego regionu ni\u017c region rejestruj\u0105cy t\u0119 organizacj\u0119<\/a><\/h2>\n\n<div class=\"wp-block-post-excerpt\"><p class=\"wp-block-post-excerpt__excerpt\">Prezydium Komisji Krajowej NSZZ \u201eSolidarno\u015b\u0107\u201d, dzia\u0142aj\u0105c na mocy postanowie\u0144 \u00a7 1 Uchwa\u0142y KK nr 30\/15 ws. zasad i trybu post\u0119powania w sprawach o rozszerzenie obszaru dzia\u0142ania organizacji zak\u0142adowych i mi\u0119dzyzak\u0142adowych oraz Uchwa\u0142y KK nr 23\/16 ws. scedowania na Prezydium Komisji Krajowej NSZZ \u201eSolidarno\u015b\u0107\u201d uprawnienia wynikaj\u0105cego z \u00a7 1 Uchwa\u0142y KK nr 30\/15, wyra\u017ca zgod\u0119 na<\/p><p class=\"wp-block-post-excerpt__more-text\"><a class=\"wp-block-post-excerpt__more-link\" href=\"https:\/\/www.solidarnosc.org.pl\/dok\/2026\/04\/02\/decyzja-prezydium-kk-nr-34-26-ws-wyrazenia-zgody-na-rozszerzenie-zasiegu-dzialania-miedzyzakladowej-organizacji-zwiazkowej-nszz-solidarnosc-przy-przedsiebiorstwie-gorniczym-silesi\/\">czytaj dalej&#8230;<\/a><\/p><\/div>\n\n\n<p class=\"has-small-font-size\"><\/p>\n\n\n\n<div class=\"wp-block-group is-nowrap is-layout-flex wp-container-core-group-is-layout-ad2f72ca wp-block-group-is-layout-flex\" style=\"font-size:1rem\">\n<p style=\"font-size:1rem\">Opublikowano <\/p>\n\n\n<div style=\"font-size:1rem;\" class=\"wp-block-post-date\"><time datetime=\"2026-04-02T10:12:13+02:00\">02.04.2026<\/time><\/div>\n\n<div style=\"font-size:1rem\" class=\"taxonomy-category wp-block-post-terms\"><span class=\"wp-block-post-terms__prefix\"> w: <\/span><a href=\"https:\/\/www.solidarnosc.org.pl\/dok\/category\/dokprez\/2026prezydium\/\" rel=\"tag\">2026 &#8211; Prezydium<\/a><span class=\"wp-block-post-terms__separator\">, <\/span><a href=\"https:\/\/www.solidarnosc.org.pl\/dok\/category\/dokprez\/\" rel=\"tag\">Dokumenty Prezydium<\/a><span class=\"wp-block-post-terms__suffix\"> , <\/span><\/div>\n\n<div style=\"font-size:1rem\" class=\"taxonomy-post_tag wp-block-post-terms\"><span class=\"wp-block-post-terms__prefix\">Tagi: <\/span><a href=\"https:\/\/www.solidarnosc.org.pl\/dok\/tag\/2026\/\" rel=\"tag\">2026<\/a><span class=\"wp-block-post-terms__separator\">, <\/span><a href=\"https:\/\/www.solidarnosc.org.pl\/dok\/tag\/34-26\/\" rel=\"tag\">34\/26<\/a><span class=\"wp-block-post-terms__separator\">, <\/span><a href=\"https:\/\/www.solidarnosc.org.pl\/dok\/tag\/decyzja\/\" rel=\"tag\">Decyzja<\/a><span class=\"wp-block-post-terms__separator\">, <\/span><a href=\"https:\/\/www.solidarnosc.org.pl\/dok\/tag\/decyzja-prezydium\/\" rel=\"tag\">Decyzja Prezydium<\/a><span class=\"wp-block-post-terms__separator\">, <\/span><a href=\"https:\/\/www.solidarnosc.org.pl\/dok\/tag\/prezydium\/\" rel=\"tag\">Prezydium<\/a><span class=\"wp-block-post-terms__suffix\">  <\/span><\/div><\/div>\n\n\n\n<hr class=\"wp-block-separator has-css-opacity\"\/>\n\n<\/li><li class=\"wp-block-post post-14133 post type-post status-publish format-standard hentry category-2026prezydium category-dokprez tag-3911 tag-33-26 tag-decyzja tag-decyzja-prezydium tag-prezydium\">\n<h2 style=\"color:#222222; font-size:1.4rem;\" class=\"wp-block-post-title has-text-color\"><a href=\"https:\/\/www.solidarnosc.org.pl\/dok\/2026\/03\/26\/decyzja-prezydium-kk-nr-33-26-ws-wniosku-do-kfs\/\" target=\"_self\" >Decyzja Prezydium KK nr 33\/26 ws. wniosku do KFS<\/a><\/h2>\n\n<div class=\"wp-block-post-excerpt\"><p class=\"wp-block-post-excerpt__excerpt\">(do u\u017cytku s\u0142u\u017cbowego)<\/p><p class=\"wp-block-post-excerpt__more-text\"><a class=\"wp-block-post-excerpt__more-link\" href=\"https:\/\/www.solidarnosc.org.pl\/dok\/2026\/03\/26\/decyzja-prezydium-kk-nr-33-26-ws-wniosku-do-kfs\/\">czytaj dalej&#8230;<\/a><\/p><\/div>\n\n\n<p class=\"has-small-font-size\"><\/p>\n\n\n\n<div class=\"wp-block-group is-nowrap is-layout-flex wp-container-core-group-is-layout-ad2f72ca wp-block-group-is-layout-flex\" style=\"font-size:1rem\">\n<p style=\"font-size:1rem\">Opublikowano <\/p>\n\n\n<div style=\"font-size:1rem;\" class=\"wp-block-post-date\"><time datetime=\"2026-03-26T13:55:54+01:00\">26.03.2026<\/time><\/div>\n\n<div style=\"font-size:1rem\" class=\"taxonomy-category wp-block-post-terms\"><span class=\"wp-block-post-terms__prefix\"> w: <\/span><a href=\"https:\/\/www.solidarnosc.org.pl\/dok\/category\/dokprez\/2026prezydium\/\" rel=\"tag\">2026 &#8211; Prezydium<\/a><span class=\"wp-block-post-terms__separator\">, <\/span><a href=\"https:\/\/www.solidarnosc.org.pl\/dok\/category\/dokprez\/\" rel=\"tag\">Dokumenty Prezydium<\/a><span class=\"wp-block-post-terms__suffix\"> , <\/span><\/div>\n\n<div style=\"font-size:1rem\" class=\"taxonomy-post_tag wp-block-post-terms\"><span class=\"wp-block-post-terms__prefix\">Tagi: <\/span><a href=\"https:\/\/www.solidarnosc.org.pl\/dok\/tag\/2026\/\" rel=\"tag\">2026<\/a><span class=\"wp-block-post-terms__separator\">, <\/span><a href=\"https:\/\/www.solidarnosc.org.pl\/dok\/tag\/33-26\/\" rel=\"tag\">33\/26<\/a><span class=\"wp-block-post-terms__separator\">, <\/span><a href=\"https:\/\/www.solidarnosc.org.pl\/dok\/tag\/decyzja\/\" rel=\"tag\">Decyzja<\/a><span class=\"wp-block-post-terms__separator\">, <\/span><a href=\"https:\/\/www.solidarnosc.org.pl\/dok\/tag\/decyzja-prezydium\/\" rel=\"tag\">Decyzja Prezydium<\/a><span class=\"wp-block-post-terms__separator\">, <\/span><a href=\"https:\/\/www.solidarnosc.org.pl\/dok\/tag\/prezydium\/\" rel=\"tag\">Prezydium<\/a><span class=\"wp-block-post-terms__suffix\">  <\/span><\/div><\/div>\n\n\n\n<hr class=\"wp-block-separator has-css-opacity\"\/>\n\n<\/li><\/ul>\n\n<nav class=\"wp-block-query-pagination has-medium-font-size is-content-justification-space-between is-layout-flex wp-container-core-query-pagination-is-layout-3d213aab wp-block-query-pagination-is-layout-flex\" aria-label=\"Stronicowanie\">\n\n\n<div class=\"wp-block-query-pagination-numbers\"><span aria-current=\"page\" class=\"page-numbers current\">1<\/span>\n<a class=\"page-numbers\" href=\"?query-22-page=2\">2<\/a>\n<a class=\"page-numbers\" href=\"?query-22-page=3\">3<\/a>\n<span class=\"page-numbers dots\">&hellip;<\/span>\n<a class=\"page-numbers\" href=\"?query-22-page=491\">491<\/a><\/div>\n\n<a href=\"\/dok\/wp-json\/wp\/v2\/pages\/10539?query-22-page=2\" class=\"wp-block-query-pagination-next\">Nast\u0119pna strona<span class='wp-block-query-pagination-next-arrow is-arrow-chevron' aria-hidden='true'>\u00bb<\/span><\/a>\n<\/nav><\/div>\n","protected":false},"excerpt":{"rendered":"","protected":false},"author":1,"featured_media":0,"parent":0,"menu_order":0,"comment_status":"closed","ping_status":"closed","template":"","meta":{"footnotes":""},"class_list":["post-10539","page","type-page","status-publish","hentry"],"_links":{"self":[{"href":"https:\/\/www.solidarnosc.org.pl\/dok\/wp-json\/wp\/v2\/pages\/10539","targetHints":{"allow":["GET"]}}],"collection":[{"href":"https:\/\/www.solidarnosc.org.pl\/dok\/wp-json\/wp\/v2\/pages"}],"about":[{"href":"https:\/\/www.solidarnosc.org.pl\/dok\/wp-json\/wp\/v2\/types\/page"}],"author":[{"embeddable":true,"href":"https:\/\/www.solidarnosc.org.pl\/dok\/wp-json\/wp\/v2\/users\/1"}],"replies":[{"embeddable":true,"href":"https:\/\/www.solidarnosc.org.pl\/dok\/wp-json\/wp\/v2\/comments?post=10539"}],"version-history":[{"count":6,"href":"https:\/\/www.solidarnosc.org.pl\/dok\/wp-json\/wp\/v2\/pages\/10539\/revisions"}],"predecessor-version":[{"id":10552,"href":"https:\/\/www.solidarnosc.org.pl\/dok\/wp-json\/wp\/v2\/pages\/10539\/revisions\/10552"}],"wp:attachment":[{"href":"https:\/\/www.solidarnosc.org.pl\/dok\/wp-json\/wp\/v2\/media?parent=10539"}],"curies":[{"name":"wp","href":"https:\/\/api.w.org\/{rel}","templated":true}]}}