{"id":10539,"date":"2023-04-26T12:04:12","date_gmt":"2023-04-26T10:04:12","guid":{"rendered":"https:\/\/www.solidarnosc.org.pl\/dok\/?page_id=10539"},"modified":"2023-04-27T09:43:07","modified_gmt":"2023-04-27T07:43:07","slug":"10539-2","status":"publish","type":"page","link":"https:\/\/www.solidarnosc.org.pl\/dok\/","title":{"rendered":""},"content":{"rendered":"\n<div class=\"wp-block-query is-layout-flow wp-block-query-is-layout-flow\"><ul class=\"wp-block-post-template is-layout-flow wp-block-post-template-is-layout-flow\"><li class=\"wp-block-post post-14407 post type-post status-publish format-standard hentry category-2026prezydium category-dokprez tag-102-26 tag-3911 tag-decyzja-prezydium tag-kk\">\n<h2 style=\"color:#222222;font-size:1.4rem\" class=\"wp-block-post-title has-text-color\"><a href=\"https:\/\/www.solidarnosc.org.pl\/dok\/2026\/09\/01\/decyzja-prezydium-kk-nr-102-26-ws-opinii-o-projekcie-rozporzadzenia-ministra-zdrowia-w-sprawie-swiadczengwarantowanych-z-zakresu-rehabilitacji-leczniczej-numer-wykazu-mz-1575\/\" target=\"_self\" >Decyzja Prezydium KK nr 102\/26 ws. opinii o projekcie rozporz\u0105dzenia Ministra Zdrowia w sprawie \u015bwiadcze\u0144gwarantowanych z zakresu rehabilitacji leczniczej (numer wykazu MZ 1575)<\/a><\/h2>\n\n<div class=\"wp-block-post-excerpt\"><p class=\"wp-block-post-excerpt__excerpt\">Prezydium Komisji Krajowej NSZZ \u201eSolidarno\u015b\u0107\u201d po konsultacji z Krajow\u0105 Sekcj\u0105 Uzdrowisk NSZZ \u201eSolidarno\u015b\u0107\u201d przedstawia nast\u0119puj\u0105c\u0105 opini\u0119 do projektu rozporz\u0105dzenia Ministra Zdrowia w sprawie \u015bwiadcze\u0144 gwarantowanych z zakresu rehabilitacji leczniczej. Uwa\u017camy, \u017ce konieczne jest utrzymanie w katalogu \u015bwiadcze\u0144 gwarantowanych zakresu \u201erehabilitacja pulmonologiczna z wykorzystaniem metod subterraneoterapii\u201d. NSZZ \u201eSolidarno\u015b\u0107\u201d od lat stoi na stra\u017cy prawa obywateli do&hellip;<\/p><p class=\"wp-block-post-excerpt__more-text\"><a class=\"wp-block-post-excerpt__more-link\" href=\"https:\/\/www.solidarnosc.org.pl\/dok\/2026\/09\/01\/decyzja-prezydium-kk-nr-102-26-ws-opinii-o-projekcie-rozporzadzenia-ministra-zdrowia-w-sprawie-swiadczengwarantowanych-z-zakresu-rehabilitacji-leczniczej-numer-wykazu-mz-1575\/\">czytaj dalej&#8230;<\/a><\/p><\/div>\n\n\n<p class=\"has-small-font-size wp-block-paragraph\"><\/p>\n\n\n\n<div class=\"wp-block-group is-nowrap is-layout-flex wp-container-core-group-is-layout-8f761849 wp-block-group-is-layout-flex\" style=\"font-size:1rem\">\n<p class=\"wp-block-paragraph\" style=\"font-size:1rem\">Opublikowano <\/p>\n\n\n<div style=\"font-size:1rem\" class=\"wp-block-post-date\"><time datetime=\"2026-09-01T09:51:45+02:00\">01.09.2026<\/time><\/div>\n\n<div style=\"font-size:1rem\" class=\"taxonomy-category wp-block-post-terms\"><span class=\"wp-block-post-terms__prefix\"> w: <\/span><a href=\"https:\/\/www.solidarnosc.org.pl\/dok\/category\/dokprez\/2026prezydium\/\" rel=\"tag\">2026 &#8211; Prezydium<\/a><span class=\"wp-block-post-terms__separator\">, <\/span><a href=\"https:\/\/www.solidarnosc.org.pl\/dok\/category\/dokprez\/\" rel=\"tag\">Dokumenty Prezydium<\/a><span class=\"wp-block-post-terms__suffix\"> , <\/span><\/div>\n\n<div style=\"font-size:1rem\" class=\"taxonomy-post_tag wp-block-post-terms\"><span class=\"wp-block-post-terms__prefix\">Tagi: <\/span><a href=\"https:\/\/www.solidarnosc.org.pl\/dok\/tag\/102-26\/\" rel=\"tag\">102\/26<\/a><span class=\"wp-block-post-terms__separator\">, <\/span><a href=\"https:\/\/www.solidarnosc.org.pl\/dok\/tag\/2026\/\" rel=\"tag\">2026<\/a><span class=\"wp-block-post-terms__separator\">, <\/span><a href=\"https:\/\/www.solidarnosc.org.pl\/dok\/tag\/decyzja-prezydium\/\" rel=\"tag\">Decyzja Prezydium<\/a><span class=\"wp-block-post-terms__separator\">, <\/span><a href=\"https:\/\/www.solidarnosc.org.pl\/dok\/tag\/kk\/\" rel=\"tag\">KK<\/a><span class=\"wp-block-post-terms__suffix\">  <\/span><\/div><\/div>\n\n\n\n<hr class=\"wp-block-separator has-css-opacity\"\/>\n\n<\/li><li class=\"wp-block-post post-14404 post type-post status-publish format-standard hentry category-2026prezydium category-dokprez tag-101-26 tag-3911 tag-decyzja-prezydium tag-kk\">\n<h2 style=\"color:#222222;font-size:1.4rem\" class=\"wp-block-post-title has-text-color\"><a href=\"https:\/\/www.solidarnosc.org.pl\/dok\/2026\/09\/01\/decyzja-prezydium-kk-nr-101-26-ws-opinii-o-projekcie-ustawy-o-zmianie-ustawy-prawo-o-ustroju-sadow-powszechnych-oraz-niektorych-innych-ustaw\/\" target=\"_self\" >Decyzja Prezydium KK nr 101\/26 ws. opinii o projekcie ustawy o zmianie ustawy \u2013 Prawo o ustroju s\u0105d\u00f3w powszechnych oraz niekt\u00f3rych innych ustaw<\/a><\/h2>\n\n<div class=\"wp-block-post-excerpt\"><p class=\"wp-block-post-excerpt__excerpt\">Prezydium Komisji Krajowej NSZZ \u201eSolidarno\u015b\u0107\u201d, po dokonaniu analizy projektu ustawy o zmianie ustawy \u2013 Prawo o ustroju s\u0105d\u00f3w powszechnych oraz niekt\u00f3rych innych ustaw uznaje, \u017ce proponowane rozwi\u0105zania zas\u0142uguj\u0105 na poparcie, zmierzajac do wzmocnienia pozycji \u0142awnika. Jednocze\u015bnie Prezydium KK wskazuje, \u017ce zaproponowane zmiany s\u0105 niewystarczaj\u0105ce, by w pe\u0142ni zrealizowa\u0107 cel wskazany w uzasadnieniu projektu jakim jest&hellip;<\/p><p class=\"wp-block-post-excerpt__more-text\"><a class=\"wp-block-post-excerpt__more-link\" href=\"https:\/\/www.solidarnosc.org.pl\/dok\/2026\/09\/01\/decyzja-prezydium-kk-nr-101-26-ws-opinii-o-projekcie-ustawy-o-zmianie-ustawy-prawo-o-ustroju-sadow-powszechnych-oraz-niektorych-innych-ustaw\/\">czytaj dalej&#8230;<\/a><\/p><\/div>\n\n\n<p class=\"has-small-font-size wp-block-paragraph\"><\/p>\n\n\n\n<div class=\"wp-block-group is-nowrap is-layout-flex wp-container-core-group-is-layout-8f761849 wp-block-group-is-layout-flex\" style=\"font-size:1rem\">\n<p class=\"wp-block-paragraph\" style=\"font-size:1rem\">Opublikowano <\/p>\n\n\n<div style=\"font-size:1rem\" class=\"wp-block-post-date\"><time datetime=\"2026-09-01T09:40:01+02:00\">01.09.2026<\/time><\/div>\n\n<div style=\"font-size:1rem\" class=\"taxonomy-category wp-block-post-terms\"><span class=\"wp-block-post-terms__prefix\"> w: <\/span><a href=\"https:\/\/www.solidarnosc.org.pl\/dok\/category\/dokprez\/2026prezydium\/\" rel=\"tag\">2026 &#8211; Prezydium<\/a><span class=\"wp-block-post-terms__separator\">, <\/span><a href=\"https:\/\/www.solidarnosc.org.pl\/dok\/category\/dokprez\/\" rel=\"tag\">Dokumenty Prezydium<\/a><span class=\"wp-block-post-terms__suffix\"> , <\/span><\/div>\n\n<div style=\"font-size:1rem\" class=\"taxonomy-post_tag wp-block-post-terms\"><span class=\"wp-block-post-terms__prefix\">Tagi: <\/span><a href=\"https:\/\/www.solidarnosc.org.pl\/dok\/tag\/101-26\/\" rel=\"tag\">101\/26<\/a><span class=\"wp-block-post-terms__separator\">, <\/span><a href=\"https:\/\/www.solidarnosc.org.pl\/dok\/tag\/2026\/\" rel=\"tag\">2026<\/a><span class=\"wp-block-post-terms__separator\">, <\/span><a href=\"https:\/\/www.solidarnosc.org.pl\/dok\/tag\/decyzja-prezydium\/\" rel=\"tag\">Decyzja Prezydium<\/a><span class=\"wp-block-post-terms__separator\">, <\/span><a href=\"https:\/\/www.solidarnosc.org.pl\/dok\/tag\/kk\/\" rel=\"tag\">KK<\/a><span class=\"wp-block-post-terms__suffix\">  <\/span><\/div><\/div>\n\n\n\n<hr class=\"wp-block-separator has-css-opacity\"\/>\n\n<\/li><li class=\"wp-block-post post-14401 post type-post status-publish format-standard hentry category-2026prezydium category-dokprez tag-100-26 tag-3911 tag-decyzja-prezydium tag-kk\">\n<h2 style=\"color:#222222;font-size:1.4rem\" class=\"wp-block-post-title has-text-color\"><a href=\"https:\/\/www.solidarnosc.org.pl\/dok\/2026\/09\/01\/decyzja-prezydium-kk-nr-100-26-ws-opinii-o-komunikacie-komisji-do-parlamentu-europejskiego-rady-europejskiego-komitetu-ekonomiczno-spolecznego-i-komitetu-regionow-w-sprawie-europejskiego-filaru-pra\/\" target=\"_self\" >Decyzja Prezydium KK nr 100\/26 ws. opinii o Komunikacie Komisji do Parlamentu Europejskiego, Rady, Europejskiego Komitetu Ekonomiczno-Spo\u0142ecznego i Komitetu Region\u00f3w w sprawie Europejskiego filaru praw socjalnych (COM(2026) 650)<\/a><\/h2>\n\n<div class=\"wp-block-post-excerpt\"><p class=\"wp-block-post-excerpt__excerpt\">Zdaniem Prezydium Komisji Krajowej NSZZ \u201eSolidarno\u015b\u0107\u201d przedstawiona przez Komisj\u0119 Europejsk\u0105 diagnoza sytuacji spo\u0142ecznej i rynku pracy w Unii Europejskiej (Komunikat Komisji do Parlamentu Europejskiego, Rady, Europejskiego Komitetu Ekonomiczno-Spo\u0142ecznego i Komitetu Region\u00f3w w sprawie Europejskiego filaru praw socjalnych (COM(2026) 650) jest co do zasady trafna i identyfikuje wi\u0119kszo\u015b\u0107 najwa\u017cniejszych wyzwa\u0144 zwi\u0105zanych z realizacj\u0105 Europejskiego Filaru Praw&hellip;<\/p><p class=\"wp-block-post-excerpt__more-text\"><a class=\"wp-block-post-excerpt__more-link\" href=\"https:\/\/www.solidarnosc.org.pl\/dok\/2026\/09\/01\/decyzja-prezydium-kk-nr-100-26-ws-opinii-o-komunikacie-komisji-do-parlamentu-europejskiego-rady-europejskiego-komitetu-ekonomiczno-spolecznego-i-komitetu-regionow-w-sprawie-europejskiego-filaru-pra\/\">czytaj dalej&#8230;<\/a><\/p><\/div>\n\n\n<p class=\"has-small-font-size wp-block-paragraph\"><\/p>\n\n\n\n<div class=\"wp-block-group is-nowrap is-layout-flex wp-container-core-group-is-layout-8f761849 wp-block-group-is-layout-flex\" style=\"font-size:1rem\">\n<p class=\"wp-block-paragraph\" style=\"font-size:1rem\">Opublikowano <\/p>\n\n\n<div style=\"font-size:1rem\" class=\"wp-block-post-date\"><time datetime=\"2026-09-01T09:29:54+02:00\">01.09.2026<\/time><\/div>\n\n<div style=\"font-size:1rem\" class=\"taxonomy-category wp-block-post-terms\"><span class=\"wp-block-post-terms__prefix\"> w: <\/span><a href=\"https:\/\/www.solidarnosc.org.pl\/dok\/category\/dokprez\/2026prezydium\/\" rel=\"tag\">2026 &#8211; Prezydium<\/a><span class=\"wp-block-post-terms__separator\">, <\/span><a href=\"https:\/\/www.solidarnosc.org.pl\/dok\/category\/dokprez\/\" rel=\"tag\">Dokumenty Prezydium<\/a><span class=\"wp-block-post-terms__suffix\"> , <\/span><\/div>\n\n<div style=\"font-size:1rem\" class=\"taxonomy-post_tag wp-block-post-terms\"><span class=\"wp-block-post-terms__prefix\">Tagi: <\/span><a href=\"https:\/\/www.solidarnosc.org.pl\/dok\/tag\/100-26\/\" rel=\"tag\">100\/26<\/a><span class=\"wp-block-post-terms__separator\">, <\/span><a href=\"https:\/\/www.solidarnosc.org.pl\/dok\/tag\/2026\/\" rel=\"tag\">2026<\/a><span class=\"wp-block-post-terms__separator\">, <\/span><a href=\"https:\/\/www.solidarnosc.org.pl\/dok\/tag\/decyzja-prezydium\/\" rel=\"tag\">Decyzja Prezydium<\/a><span class=\"wp-block-post-terms__separator\">, <\/span><a href=\"https:\/\/www.solidarnosc.org.pl\/dok\/tag\/kk\/\" rel=\"tag\">KK<\/a><span class=\"wp-block-post-terms__suffix\">  <\/span><\/div><\/div>\n\n\n\n<hr class=\"wp-block-separator has-css-opacity\"\/>\n\n<\/li><li class=\"wp-block-post post-14398 post type-post status-publish format-standard hentry category-2026prezydium category-dokprez tag-99-26 tag-decyzja-prezydium tag-kk\">\n<h2 style=\"color:#222222;font-size:1.4rem\" class=\"wp-block-post-title has-text-color\"><a href=\"https:\/\/www.solidarnosc.org.pl\/dok\/2026\/09\/01\/decyzja-prezydium-kk-nr-99-26-ws-opinii-o-projekcie-ustawy-o-wykonywaniu-pracy-za-posrednictwem-cyfrowych-platform-pracy\/\" target=\"_self\" >Decyzja Prezydium KK nr 99\/26 ws. opinii o projekcie ustawy o wykonywaniu pracy za po\u015brednictwem cyfrowych platform pracy<\/a><\/h2>\n\n<div class=\"wp-block-post-excerpt\"><p class=\"wp-block-post-excerpt__excerpt\">Prezydium Komisji Krajowej NSZZ \u201eSolidarno\u015b\u0107\u201d oceniaj\u0105c projekt ustawy o wykonywaniu pracy za po\u015brednictwem cyfrowych platform pracy z dnia 6 sierpnia 2026 r. wskazuje, \u017ce wymaga on szeregu zmian, by spe\u0142niony zosta\u0142 cel nakre\u015blony w dyrektywie Parlamentu Europejskiego i Rady (UE) 2024\/2831, a wi\u0119c rzeczywista i skuteczna ochrona os\u00f3b wykonuj\u0105cych prac\u0119 za po\u015brednictwem platform. Praca za&hellip;<\/p><p class=\"wp-block-post-excerpt__more-text\"><a class=\"wp-block-post-excerpt__more-link\" href=\"https:\/\/www.solidarnosc.org.pl\/dok\/2026\/09\/01\/decyzja-prezydium-kk-nr-99-26-ws-opinii-o-projekcie-ustawy-o-wykonywaniu-pracy-za-posrednictwem-cyfrowych-platform-pracy\/\">czytaj dalej&#8230;<\/a><\/p><\/div>\n\n\n<p class=\"has-small-font-size wp-block-paragraph\"><\/p>\n\n\n\n<div class=\"wp-block-group is-nowrap is-layout-flex wp-container-core-group-is-layout-8f761849 wp-block-group-is-layout-flex\" style=\"font-size:1rem\">\n<p class=\"wp-block-paragraph\" style=\"font-size:1rem\">Opublikowano <\/p>\n\n\n<div style=\"font-size:1rem\" class=\"wp-block-post-date\"><time datetime=\"2026-09-01T09:01:58+02:00\">01.09.2026<\/time><\/div>\n\n<div style=\"font-size:1rem\" class=\"taxonomy-category wp-block-post-terms\"><span class=\"wp-block-post-terms__prefix\"> w: <\/span><a href=\"https:\/\/www.solidarnosc.org.pl\/dok\/category\/dokprez\/2026prezydium\/\" rel=\"tag\">2026 &#8211; Prezydium<\/a><span class=\"wp-block-post-terms__separator\">, <\/span><a href=\"https:\/\/www.solidarnosc.org.pl\/dok\/category\/dokprez\/\" rel=\"tag\">Dokumenty Prezydium<\/a><span class=\"wp-block-post-terms__suffix\"> , <\/span><\/div>\n\n<div style=\"font-size:1rem\" class=\"taxonomy-post_tag wp-block-post-terms\"><span class=\"wp-block-post-terms__prefix\">Tagi: <\/span><a href=\"https:\/\/www.solidarnosc.org.pl\/dok\/tag\/99-26\/\" rel=\"tag\">99\/26<\/a><span class=\"wp-block-post-terms__separator\">, <\/span><a href=\"https:\/\/www.solidarnosc.org.pl\/dok\/tag\/decyzja-prezydium\/\" rel=\"tag\">Decyzja Prezydium<\/a><span class=\"wp-block-post-terms__separator\">, <\/span><a href=\"https:\/\/www.solidarnosc.org.pl\/dok\/tag\/kk\/\" rel=\"tag\">KK<\/a><span class=\"wp-block-post-terms__suffix\">  <\/span><\/div><\/div>\n\n\n\n<hr class=\"wp-block-separator has-css-opacity\"\/>\n\n<\/li><li class=\"wp-block-post post-14393 post type-post status-publish format-standard hentry category-2026prezydium category-dokprez tag-3911 tag-98-26 tag-decyzja-prezydium tag-kk\">\n<h2 style=\"color:#222222;font-size:1.4rem\" class=\"wp-block-post-title has-text-color\"><a href=\"https:\/\/www.solidarnosc.org.pl\/dok\/2026\/08\/26\/decyzja-prezydium-kk-nr-98-26-ws-zgody-na-uzycie-nazwy-i-znaku-graficznego-nszz-solidarnosc\/\" target=\"_self\" >Decyzja Prezydium KK nr 98\/26 ws. zgody na u\u017cycie nazwy i znaku graficznego NSZZ \u201eSolidarno\u015b\u0107\u201d<\/a><\/h2>\n\n<div class=\"wp-block-post-excerpt\"><p class=\"wp-block-post-excerpt__excerpt\">Prezydium Komisji Krajowej NSZZ \u201eSolidarno\u015b\u0107\u201d, na wniosek MAG Entertainment sp. z o.o., wyra\u017ca zgod\u0119 na u\u017cycie nazwy i znaku graficznego NSZZ \u201eSolidarno\u015b\u0107\u201d w filmie fabularnym pod roboczym tytu\u0142em Strefa ciszy w re\u017cyserii Micha\u0142a Gazdy.<\/p><p class=\"wp-block-post-excerpt__more-text\"><a class=\"wp-block-post-excerpt__more-link\" href=\"https:\/\/www.solidarnosc.org.pl\/dok\/2026\/08\/26\/decyzja-prezydium-kk-nr-98-26-ws-zgody-na-uzycie-nazwy-i-znaku-graficznego-nszz-solidarnosc\/\">czytaj dalej&#8230;<\/a><\/p><\/div>\n\n\n<p class=\"has-small-font-size wp-block-paragraph\"><\/p>\n\n\n\n<div class=\"wp-block-group is-nowrap is-layout-flex wp-container-core-group-is-layout-8f761849 wp-block-group-is-layout-flex\" style=\"font-size:1rem\">\n<p class=\"wp-block-paragraph\" style=\"font-size:1rem\">Opublikowano <\/p>\n\n\n<div style=\"font-size:1rem\" class=\"wp-block-post-date\"><time datetime=\"2026-08-26T13:00:13+02:00\">26.08.2026<\/time><\/div>\n\n<div style=\"font-size:1rem\" class=\"taxonomy-category wp-block-post-terms\"><span class=\"wp-block-post-terms__prefix\"> w: <\/span><a href=\"https:\/\/www.solidarnosc.org.pl\/dok\/category\/dokprez\/2026prezydium\/\" rel=\"tag\">2026 &#8211; Prezydium<\/a><span class=\"wp-block-post-terms__separator\">, <\/span><a href=\"https:\/\/www.solidarnosc.org.pl\/dok\/category\/dokprez\/\" rel=\"tag\">Dokumenty Prezydium<\/a><span class=\"wp-block-post-terms__suffix\"> , <\/span><\/div>\n\n<div style=\"font-size:1rem\" class=\"taxonomy-post_tag wp-block-post-terms\"><span class=\"wp-block-post-terms__prefix\">Tagi: <\/span><a href=\"https:\/\/www.solidarnosc.org.pl\/dok\/tag\/2026\/\" rel=\"tag\">2026<\/a><span class=\"wp-block-post-terms__separator\">, <\/span><a href=\"https:\/\/www.solidarnosc.org.pl\/dok\/tag\/98-26\/\" rel=\"tag\">98\/26<\/a><span class=\"wp-block-post-terms__separator\">, <\/span><a href=\"https:\/\/www.solidarnosc.org.pl\/dok\/tag\/decyzja-prezydium\/\" rel=\"tag\">Decyzja Prezydium<\/a><span class=\"wp-block-post-terms__separator\">, <\/span><a href=\"https:\/\/www.solidarnosc.org.pl\/dok\/tag\/kk\/\" rel=\"tag\">KK<\/a><span class=\"wp-block-post-terms__suffix\">  <\/span><\/div><\/div>\n\n\n\n<hr class=\"wp-block-separator has-css-opacity\"\/>\n\n<\/li><li class=\"wp-block-post post-14388 post type-post status-publish format-standard hentry category-2026prezydium category-dokprez tag-3911 tag-97-27 tag-decyzja-prezydium tag-kk\">\n<h2 style=\"color:#222222;font-size:1.4rem\" class=\"wp-block-post-title has-text-color\"><a href=\"https:\/\/www.solidarnosc.org.pl\/dok\/2026\/08\/20\/decyzja-prezydium-kk-nr-97-26-ws-zmian-w-skladzie-personelu-projektu-pn-silna-solidarnosc-rozwoj-organizacji-zwiazkowej-jako-narzedzie-dialogu-spolecznego-i-reprezentacji-pracownikow\/\" target=\"_self\" >Decyzja Prezydium KK nr 97\/26 ws. zmian w sk\u0142adzie personelu projektu pn. Silna Solidarno\u015b\u0107 \u2013 rozw\u00f3j organizacji zwi\u0105zkowej jako narz\u0119dzie dialogu spo\u0142ecznego i reprezentacji pracownik\u00f3w<\/a><\/h2>\n\n<div class=\"wp-block-post-excerpt\"><p class=\"wp-block-post-excerpt__excerpt\">Prezydium Komisji Krajowej NSZZ \u201eSolidarno\u015b\u0107\u201d postanawia dokona\u0107 zmian w sk\u0142adzie personelu projektu pn. Silna Solidarno\u015b\u0107 \u2013 rozw\u00f3j organizacji zwi\u0105zkowej jako narz\u0119dzie dialogu spo\u0142ecznego i reprezentacji pracownik\u00f3w: 1. Na stanowisko kierownika projektu zamiast Pana Filipa Jarycha wskazuje Pani\u0105 Agnieszk\u0119 Angowsk\u0105. 2. Na stanowisko asystenta projektu zamiast Pani Agnieszki Angowskiej wskazuje Pani\u0105 Sylwi\u0119 Wilk. Zmiany obowi\u0105zuj\u0105 od&hellip;<\/p><p class=\"wp-block-post-excerpt__more-text\"><a class=\"wp-block-post-excerpt__more-link\" href=\"https:\/\/www.solidarnosc.org.pl\/dok\/2026\/08\/20\/decyzja-prezydium-kk-nr-97-26-ws-zmian-w-skladzie-personelu-projektu-pn-silna-solidarnosc-rozwoj-organizacji-zwiazkowej-jako-narzedzie-dialogu-spolecznego-i-reprezentacji-pracownikow\/\">czytaj dalej&#8230;<\/a><\/p><\/div>\n\n\n<p class=\"has-small-font-size wp-block-paragraph\"><\/p>\n\n\n\n<div class=\"wp-block-group is-nowrap is-layout-flex wp-container-core-group-is-layout-8f761849 wp-block-group-is-layout-flex\" style=\"font-size:1rem\">\n<p class=\"wp-block-paragraph\" style=\"font-size:1rem\">Opublikowano <\/p>\n\n\n<div style=\"font-size:1rem\" class=\"wp-block-post-date\"><time datetime=\"2026-08-20T09:54:35+02:00\">20.08.2026<\/time><\/div>\n\n<div style=\"font-size:1rem\" class=\"taxonomy-category wp-block-post-terms\"><span class=\"wp-block-post-terms__prefix\"> w: <\/span><a href=\"https:\/\/www.solidarnosc.org.pl\/dok\/category\/dokprez\/2026prezydium\/\" rel=\"tag\">2026 &#8211; Prezydium<\/a><span class=\"wp-block-post-terms__separator\">, <\/span><a href=\"https:\/\/www.solidarnosc.org.pl\/dok\/category\/dokprez\/\" rel=\"tag\">Dokumenty Prezydium<\/a><span class=\"wp-block-post-terms__suffix\"> , <\/span><\/div>\n\n<div style=\"font-size:1rem\" class=\"taxonomy-post_tag wp-block-post-terms\"><span class=\"wp-block-post-terms__prefix\">Tagi: <\/span><a href=\"https:\/\/www.solidarnosc.org.pl\/dok\/tag\/2026\/\" rel=\"tag\">2026<\/a><span class=\"wp-block-post-terms__separator\">, <\/span><a href=\"https:\/\/www.solidarnosc.org.pl\/dok\/tag\/97-27\/\" rel=\"tag\">97\/27<\/a><span class=\"wp-block-post-terms__separator\">, <\/span><a href=\"https:\/\/www.solidarnosc.org.pl\/dok\/tag\/decyzja-prezydium\/\" rel=\"tag\">Decyzja Prezydium<\/a><span class=\"wp-block-post-terms__separator\">, <\/span><a href=\"https:\/\/www.solidarnosc.org.pl\/dok\/tag\/kk\/\" rel=\"tag\">KK<\/a><span class=\"wp-block-post-terms__suffix\">  <\/span><\/div><\/div>\n\n\n\n<hr class=\"wp-block-separator has-css-opacity\"\/>\n\n<\/li><li class=\"wp-block-post post-14385 post type-post status-publish format-standard hentry category-2026prezydium category-dokprez tag-3911 tag-96-26 tag-decyzja-prezydium tag-kk\">\n<h2 style=\"color:#222222;font-size:1.4rem\" class=\"wp-block-post-title has-text-color\"><a href=\"https:\/\/www.solidarnosc.org.pl\/dok\/2026\/08\/20\/decyzja-prezydium-kk-nr-96-26-ws-zmiany-decyzji-prezydium-kk-nr-63-25-ws-udzialu-w-projekcie-pt-cyfrowy-system-informacji-i-zarzadzania-w-nszz-solidarnosc\/\" target=\"_self\" >Decyzja Prezydium KK nr 96\/26 ws. zmiany Decyzji Prezydium KK nr 63\/25 ws. udzia\u0142u w projekcie pt. Cyfrowy system informacji i zarz\u0105dzania w NSZZ \u201eSolidarno\u015b\u0107\u201d<\/a><\/h2>\n\n<div class=\"wp-block-post-excerpt\"><p class=\"wp-block-post-excerpt__excerpt\">Prezydium Komisji Krajowej NSZZ \u201eSolidarno\u015b\u0107\u201d postanawia dokona\u0107 zmiany w sk\u0142adzie personelu merytorycznego w projekcie pt. Cyfrowy system informacji i zarz\u0105dzania w NSZZ \u201eSolidarno\u015b\u0107\u201d. Ze sk\u0142adu personelu zostaje wycofana Milena Nowakowska a w jej miejsce wyznaczona zostaje Marta Lipke. Zmiana obowi\u0105zuje od dnia 1 lipca br.<\/p><p class=\"wp-block-post-excerpt__more-text\"><a class=\"wp-block-post-excerpt__more-link\" href=\"https:\/\/www.solidarnosc.org.pl\/dok\/2026\/08\/20\/decyzja-prezydium-kk-nr-96-26-ws-zmiany-decyzji-prezydium-kk-nr-63-25-ws-udzialu-w-projekcie-pt-cyfrowy-system-informacji-i-zarzadzania-w-nszz-solidarnosc\/\">czytaj dalej&#8230;<\/a><\/p><\/div>\n\n\n<p class=\"has-small-font-size wp-block-paragraph\"><\/p>\n\n\n\n<div class=\"wp-block-group is-nowrap is-layout-flex wp-container-core-group-is-layout-8f761849 wp-block-group-is-layout-flex\" style=\"font-size:1rem\">\n<p class=\"wp-block-paragraph\" style=\"font-size:1rem\">Opublikowano <\/p>\n\n\n<div style=\"font-size:1rem\" class=\"wp-block-post-date\"><time datetime=\"2026-08-20T09:44:43+02:00\">20.08.2026<\/time><\/div>\n\n<div style=\"font-size:1rem\" class=\"taxonomy-category wp-block-post-terms\"><span class=\"wp-block-post-terms__prefix\"> w: <\/span><a href=\"https:\/\/www.solidarnosc.org.pl\/dok\/category\/dokprez\/2026prezydium\/\" rel=\"tag\">2026 &#8211; Prezydium<\/a><span class=\"wp-block-post-terms__separator\">, <\/span><a href=\"https:\/\/www.solidarnosc.org.pl\/dok\/category\/dokprez\/\" rel=\"tag\">Dokumenty Prezydium<\/a><span class=\"wp-block-post-terms__suffix\"> , <\/span><\/div>\n\n<div style=\"font-size:1rem\" class=\"taxonomy-post_tag wp-block-post-terms\"><span class=\"wp-block-post-terms__prefix\">Tagi: <\/span><a href=\"https:\/\/www.solidarnosc.org.pl\/dok\/tag\/2026\/\" rel=\"tag\">2026<\/a><span class=\"wp-block-post-terms__separator\">, <\/span><a href=\"https:\/\/www.solidarnosc.org.pl\/dok\/tag\/96-26\/\" rel=\"tag\">96\/26<\/a><span class=\"wp-block-post-terms__separator\">, <\/span><a href=\"https:\/\/www.solidarnosc.org.pl\/dok\/tag\/decyzja-prezydium\/\" rel=\"tag\">Decyzja Prezydium<\/a><span class=\"wp-block-post-terms__separator\">, <\/span><a href=\"https:\/\/www.solidarnosc.org.pl\/dok\/tag\/kk\/\" rel=\"tag\">KK<\/a><span class=\"wp-block-post-terms__suffix\">  <\/span><\/div><\/div>\n\n\n\n<hr class=\"wp-block-separator has-css-opacity\"\/>\n\n<\/li><li class=\"wp-block-post post-14379 post type-post status-publish format-standard hentry category-2026prezydium category-dokprez tag-3911 tag-94-26 tag-decyzja-prezydium tag-kk\">\n<h2 style=\"color:#222222;font-size:1.4rem\" class=\"wp-block-post-title has-text-color\"><a href=\"https:\/\/www.solidarnosc.org.pl\/dok\/2026\/08\/18\/decyzja-prezydium-kk-nr-95-26-ws-opinii-o-projekcie-ustawy-kprm-o-zmianie-ustawy-o-przeciwdzialaniu-przemocy-domowej-ustawy-kodeks-rodzinny-i-opiekunczy-oraz-ustawy-o-swiadczeniach-rodzinn\/\" target=\"_self\" >Decyzja Prezydium KK nr 95\/26 ws. opinii o projekcie ustawy KPRM o zmianie ustawy o przeciwdzia\u0142aniu przemocy domowej, ustawy \u2013 Kodeks rodzinny i opieku\u0144czy oraz ustawy o \u015bwiadczeniach rodzinnych<\/a><\/h2>\n\n<div class=\"wp-block-post-excerpt\"><p class=\"wp-block-post-excerpt__excerpt\">Prezydium Komisji Krajowej NSZZ \u201eSolidarno\u015b\u0107\u201d wnosi nast\u0119puj\u0105ce uwagi do projektu ustawy Kancelarii Prezesa Rady Ministr\u00f3w z dnia 22 lipca 2026 r. o zmianie ustawy o przeciwdzia\u0142aniu przemocy domowej, ustawy \u2013 Kodeks rodzinny i opieku\u0144czy oraz ustawy o \u015bwiadczeniach rodzinnych. Zaproponowane rozwi\u0105zania maj\u0105 na celu usprawnienie procedury \u201eNiebieskie Karty\u201d, zwi\u0119kszenie jej skuteczno\u015bci oraz popraw\u0119 funkcjonowania systemu&hellip;<\/p><p class=\"wp-block-post-excerpt__more-text\"><a class=\"wp-block-post-excerpt__more-link\" href=\"https:\/\/www.solidarnosc.org.pl\/dok\/2026\/08\/18\/decyzja-prezydium-kk-nr-95-26-ws-opinii-o-projekcie-ustawy-kprm-o-zmianie-ustawy-o-przeciwdzialaniu-przemocy-domowej-ustawy-kodeks-rodzinny-i-opiekunczy-oraz-ustawy-o-swiadczeniach-rodzinn\/\">czytaj dalej&#8230;<\/a><\/p><\/div>\n\n\n<p class=\"has-small-font-size wp-block-paragraph\"><\/p>\n\n\n\n<div class=\"wp-block-group is-nowrap is-layout-flex wp-container-core-group-is-layout-8f761849 wp-block-group-is-layout-flex\" style=\"font-size:1rem\">\n<p class=\"wp-block-paragraph\" style=\"font-size:1rem\">Opublikowano <\/p>\n\n\n<div style=\"font-size:1rem\" class=\"wp-block-post-date\"><time datetime=\"2026-08-18T08:42:53+02:00\">18.08.2026<\/time><\/div>\n\n<div style=\"font-size:1rem\" class=\"taxonomy-category wp-block-post-terms\"><span class=\"wp-block-post-terms__prefix\"> w: <\/span><a href=\"https:\/\/www.solidarnosc.org.pl\/dok\/category\/dokprez\/2026prezydium\/\" rel=\"tag\">2026 &#8211; Prezydium<\/a><span class=\"wp-block-post-terms__separator\">, <\/span><a href=\"https:\/\/www.solidarnosc.org.pl\/dok\/category\/dokprez\/\" rel=\"tag\">Dokumenty Prezydium<\/a><span class=\"wp-block-post-terms__suffix\"> , <\/span><\/div>\n\n<div style=\"font-size:1rem\" class=\"taxonomy-post_tag wp-block-post-terms\"><span class=\"wp-block-post-terms__prefix\">Tagi: <\/span><a href=\"https:\/\/www.solidarnosc.org.pl\/dok\/tag\/2026\/\" rel=\"tag\">2026<\/a><span class=\"wp-block-post-terms__separator\">, <\/span><a href=\"https:\/\/www.solidarnosc.org.pl\/dok\/tag\/94-26\/\" rel=\"tag\">94\/26<\/a><span class=\"wp-block-post-terms__separator\">, <\/span><a href=\"https:\/\/www.solidarnosc.org.pl\/dok\/tag\/decyzja-prezydium\/\" rel=\"tag\">Decyzja Prezydium<\/a><span class=\"wp-block-post-terms__separator\">, <\/span><a href=\"https:\/\/www.solidarnosc.org.pl\/dok\/tag\/kk\/\" rel=\"tag\">KK<\/a><span class=\"wp-block-post-terms__suffix\">  <\/span><\/div><\/div>\n\n\n\n<hr class=\"wp-block-separator has-css-opacity\"\/>\n\n<\/li><li class=\"wp-block-post post-14376 post type-post status-publish format-standard hentry category-2026prezydium category-dokprez tag-3911 tag-94-26 tag-decyzja-prezydium tag-kk\">\n<h2 style=\"color:#222222;font-size:1.4rem\" class=\"wp-block-post-title has-text-color\"><a href=\"https:\/\/www.solidarnosc.org.pl\/dok\/2026\/08\/18\/decyzja-prezydium-kk-nr-94-26-ws-opinii-o-projekcie-rozporzadzenia-rm-ws-okreslenia-programu-bonu-senioralnego\/\" target=\"_self\" >Decyzja Prezydium KK nr 94\/26 ws. opinii o projekcie rozporz\u0105dzenia RM ws. okre\u015blenia Programu Bonu Senioralnego<\/a><\/h2>\n\n<div class=\"wp-block-post-excerpt\"><p class=\"wp-block-post-excerpt__excerpt\">Prezydium Komisji Krajowej NSZZ \u201eSolidarno\u015b\u0107\u201d zg\u0142asza nast\u0119puj\u0105ce uwagido projektu rozporz\u0105dzenia Rady Ministr\u00f3w w sprawie okre\u015blenia Programu Bonu Senioralnego z dnia 30 lipca 2026 r.Opiniowany projekt rozporz\u0105dzenia okre\u015bla spos\u00f3b przyznawania bonu senioralnego, podmioty zaanga\u017cowane w jego realizacj\u0119 oraz zasady finansowania i sprawozdawczo\u015bciz realizacji Programu Bonu Senioralnego. Istot\u0105 Programu jest zapewnienie wsparcia seniorom, kt\u00f3rzy maj\u0105 niezaspokojone potrzeby&hellip;<\/p><p class=\"wp-block-post-excerpt__more-text\"><a class=\"wp-block-post-excerpt__more-link\" href=\"https:\/\/www.solidarnosc.org.pl\/dok\/2026\/08\/18\/decyzja-prezydium-kk-nr-94-26-ws-opinii-o-projekcie-rozporzadzenia-rm-ws-okreslenia-programu-bonu-senioralnego\/\">czytaj dalej&#8230;<\/a><\/p><\/div>\n\n\n<p class=\"has-small-font-size wp-block-paragraph\"><\/p>\n\n\n\n<div class=\"wp-block-group is-nowrap is-layout-flex wp-container-core-group-is-layout-8f761849 wp-block-group-is-layout-flex\" style=\"font-size:1rem\">\n<p class=\"wp-block-paragraph\" style=\"font-size:1rem\">Opublikowano <\/p>\n\n\n<div style=\"font-size:1rem\" class=\"wp-block-post-date\"><time datetime=\"2026-08-18T08:18:49+02:00\">18.08.2026<\/time><\/div>\n\n<div style=\"font-size:1rem\" class=\"taxonomy-category wp-block-post-terms\"><span class=\"wp-block-post-terms__prefix\"> w: <\/span><a href=\"https:\/\/www.solidarnosc.org.pl\/dok\/category\/dokprez\/2026prezydium\/\" rel=\"tag\">2026 &#8211; Prezydium<\/a><span class=\"wp-block-post-terms__separator\">, <\/span><a href=\"https:\/\/www.solidarnosc.org.pl\/dok\/category\/dokprez\/\" rel=\"tag\">Dokumenty Prezydium<\/a><span class=\"wp-block-post-terms__suffix\"> , <\/span><\/div>\n\n<div style=\"font-size:1rem\" class=\"taxonomy-post_tag wp-block-post-terms\"><span class=\"wp-block-post-terms__prefix\">Tagi: <\/span><a href=\"https:\/\/www.solidarnosc.org.pl\/dok\/tag\/2026\/\" rel=\"tag\">2026<\/a><span class=\"wp-block-post-terms__separator\">, <\/span><a href=\"https:\/\/www.solidarnosc.org.pl\/dok\/tag\/94-26\/\" rel=\"tag\">94\/26<\/a><span class=\"wp-block-post-terms__separator\">, <\/span><a href=\"https:\/\/www.solidarnosc.org.pl\/dok\/tag\/decyzja-prezydium\/\" rel=\"tag\">Decyzja Prezydium<\/a><span class=\"wp-block-post-terms__separator\">, <\/span><a href=\"https:\/\/www.solidarnosc.org.pl\/dok\/tag\/kk\/\" rel=\"tag\">KK<\/a><span class=\"wp-block-post-terms__suffix\">  <\/span><\/div><\/div>\n\n\n\n<hr class=\"wp-block-separator has-css-opacity\"\/>\n\n<\/li><li class=\"wp-block-post post-14373 post type-post status-publish format-standard hentry category-2026prezydium tag-3911 tag-93-26 tag-decyzja tag-decyzja-prezydium tag-prezydium\">\n<h2 style=\"color:#222222;font-size:1.4rem\" class=\"wp-block-post-title has-text-color\"><a href=\"https:\/\/www.solidarnosc.org.pl\/dok\/2026\/08\/13\/decyzja-prezydium-kk-nr-93-26-ws-wniosku-do-rkfs\/\" target=\"_self\" >Decyzja Prezydium KK nr 93\/26 ws. wniosku do RKFS<\/a><\/h2>\n\n<div class=\"wp-block-post-excerpt\"><p class=\"wp-block-post-excerpt__excerpt\">(do u\u017cytku s\u0142u\u017cbowego)<\/p><p class=\"wp-block-post-excerpt__more-text\"><a class=\"wp-block-post-excerpt__more-link\" href=\"https:\/\/www.solidarnosc.org.pl\/dok\/2026\/08\/13\/decyzja-prezydium-kk-nr-93-26-ws-wniosku-do-rkfs\/\">czytaj dalej&#8230;<\/a><\/p><\/div>\n\n\n<p class=\"has-small-font-size wp-block-paragraph\"><\/p>\n\n\n\n<div class=\"wp-block-group is-nowrap is-layout-flex wp-container-core-group-is-layout-8f761849 wp-block-group-is-layout-flex\" style=\"font-size:1rem\">\n<p class=\"wp-block-paragraph\" style=\"font-size:1rem\">Opublikowano <\/p>\n\n\n<div style=\"font-size:1rem\" class=\"wp-block-post-date\"><time datetime=\"2026-08-13T10:03:08+02:00\">13.08.2026<\/time><\/div>\n\n<div style=\"font-size:1rem\" class=\"taxonomy-category wp-block-post-terms\"><span class=\"wp-block-post-terms__prefix\"> w: <\/span><a href=\"https:\/\/www.solidarnosc.org.pl\/dok\/category\/dokprez\/2026prezydium\/\" rel=\"tag\">2026 &#8211; Prezydium<\/a><span class=\"wp-block-post-terms__suffix\"> , <\/span><\/div>\n\n<div style=\"font-size:1rem\" class=\"taxonomy-post_tag wp-block-post-terms\"><span class=\"wp-block-post-terms__prefix\">Tagi: <\/span><a href=\"https:\/\/www.solidarnosc.org.pl\/dok\/tag\/2026\/\" rel=\"tag\">2026<\/a><span class=\"wp-block-post-terms__separator\">, <\/span><a href=\"https:\/\/www.solidarnosc.org.pl\/dok\/tag\/93-26\/\" rel=\"tag\">93\/26<\/a><span class=\"wp-block-post-terms__separator\">, <\/span><a href=\"https:\/\/www.solidarnosc.org.pl\/dok\/tag\/decyzja\/\" rel=\"tag\">Decyzja<\/a><span class=\"wp-block-post-terms__separator\">, <\/span><a href=\"https:\/\/www.solidarnosc.org.pl\/dok\/tag\/decyzja-prezydium\/\" rel=\"tag\">Decyzja Prezydium<\/a><span class=\"wp-block-post-terms__separator\">, <\/span><a href=\"https:\/\/www.solidarnosc.org.pl\/dok\/tag\/prezydium\/\" rel=\"tag\">Prezydium<\/a><span class=\"wp-block-post-terms__suffix\">  <\/span><\/div><\/div>\n\n\n\n<hr class=\"wp-block-separator has-css-opacity\"\/>\n\n<\/li><\/ul>\n\n<nav class=\"wp-block-query-pagination has-medium-font-size is-content-justification-space-between is-layout-flex wp-container-core-query-pagination-is-layout-cfe5ce44 wp-block-query-pagination-is-layout-flex\" aria-label=\"Stronicowanie\">\n\n\n<div class=\"wp-block-query-pagination-numbers\"><span aria-current=\"page\" class=\"page-numbers current\">1<\/span>\n<a class=\"page-numbers\" href=\"?query-22-page=2\">2<\/a>\n<a class=\"page-numbers\" href=\"?query-22-page=3\">3<\/a>\n<span class=\"page-numbers dots\">&hellip;<\/span>\n<a class=\"page-numbers\" href=\"?query-22-page=497\">497<\/a><\/div>\n\n<a href=\"\/dok\/wp-json\/wp\/v2\/pages\/10539?query-22-page=2\" class=\"wp-block-query-pagination-next\">Nast\u0119pna strona<span class='wp-block-query-pagination-next-arrow is-arrow-chevron' aria-hidden='true'>\u00bb<\/span><\/a>\n<\/nav><\/div>\n","protected":false},"excerpt":{"rendered":"","protected":false},"author":1,"featured_media":0,"parent":0,"menu_order":0,"comment_status":"closed","ping_status":"closed","template":"","meta":{"footnotes":""},"class_list":["post-10539","page","type-page","status-publish","hentry"],"_links":{"self":[{"href":"https:\/\/www.solidarnosc.org.pl\/dok\/wp-json\/wp\/v2\/pages\/10539","targetHints":{"allow":["GET"]}}],"collection":[{"href":"https:\/\/www.solidarnosc.org.pl\/dok\/wp-json\/wp\/v2\/pages"}],"about":[{"href":"https:\/\/www.solidarnosc.org.pl\/dok\/wp-json\/wp\/v2\/types\/page"}],"author":[{"embeddable":true,"href":"https:\/\/www.solidarnosc.org.pl\/dok\/wp-json\/wp\/v2\/users\/1"}],"replies":[{"embeddable":true,"href":"https:\/\/www.solidarnosc.org.pl\/dok\/wp-json\/wp\/v2\/comments?post=10539"}],"version-history":[{"count":6,"href":"https:\/\/www.solidarnosc.org.pl\/dok\/wp-json\/wp\/v2\/pages\/10539\/revisions"}],"predecessor-version":[{"id":10552,"href":"https:\/\/www.solidarnosc.org.pl\/dok\/wp-json\/wp\/v2\/pages\/10539\/revisions\/10552"}],"wp:attachment":[{"href":"https:\/\/www.solidarnosc.org.pl\/dok\/wp-json\/wp\/v2\/media?parent=10539"}],"curies":[{"name":"wp","href":"https:\/\/api.w.org\/{rel}","templated":true}]}}