{"id":41854,"date":"2024-12-19T13:22:35","date_gmt":"2024-12-19T11:22:35","guid":{"rendered":"https:\/\/www.solidarnosc.org.pl\/bbial\/?page_id=41854"},"modified":"2024-12-19T13:54:10","modified_gmt":"2024-12-19T11:54:10","slug":"terminy-spotkan-z-przewodniczacym","status":"publish","type":"page","link":"https:\/\/www.solidarnosc.org.pl\/bbial\/spotkania-i-wydarzenia\/terminy-spotkan-z-przewodniczacym\/","title":{"rendered":"Terminy spotka\u0144 z przewodnicz\u0105cym"},"content":{"rendered":"\t\t<div data-elementor-type=\"wp-page\" data-elementor-id=\"41854\" class=\"elementor elementor-41854\" data-elementor-post-type=\"page\">\n\t\t\t\t\t\t<section class=\"elementor-section elementor-top-section elementor-element elementor-element-2079182 elementor-section-boxed elementor-section-height-default elementor-section-height-default\" data-id=\"2079182\" data-element_type=\"section\" data-e-type=\"section\">\n\t\t\t\t\t\t<div class=\"elementor-container elementor-column-gap-default\">\n\t\t\t\t\t<div class=\"elementor-column elementor-col-100 elementor-top-column elementor-element elementor-element-960de5a\" data-id=\"960de5a\" data-element_type=\"column\" data-e-type=\"column\">\n\t\t\t<div class=\"elementor-widget-wrap elementor-element-populated\">\n\t\t\t\t\t\t<div class=\"elementor-element elementor-element-83bd306 elementor-widget elementor-widget-heading\" data-id=\"83bd306\" data-element_type=\"widget\" data-e-type=\"widget\" data-widget_type=\"heading.default\">\n\t\t\t\t<div class=\"elementor-widget-container\">\n\t\t\t\t\t<h3 class=\"elementor-heading-title elementor-size-default\">Terminy spotka\u0144 z przewodnicz\u0105cymi<\/h3>\t\t\t\t<\/div>\n\t\t\t\t<\/div>\n\t\t\t\t<div class=\"elementor-element elementor-element-9adff91 elementor-widget__width-initial elementor-widget-mobile__width-inherit elementor-widget elementor-widget-text-editor\" data-id=\"9adff91\" data-element_type=\"widget\" data-e-type=\"widget\" data-widget_type=\"text-editor.default\">\n\t\t\t\t<div class=\"elementor-widget-container\">\n\t\t\t\t\t\t\t\t\t<p><strong>Zapraszamy wszystkich przewodnicz\u0105cych organizacji zwi\u0105zkowych NSZZ \u201eS\u201d<\/strong>\u00a0skupionych w Oddzia\u0142ach lub osoby oddelegowane przez przewodnicz\u0105cego\u00a0<strong>do brania udzia\u0142u w comiesi\u0119cznych spotkaniach<\/strong>.<\/p><p><strong>Bielsko-Bia\u0142a i Czechowice-Dziedzice \u2013 pierwszy poniedzia\u0142ek miesi\u0105ca<\/strong>\u00a0(opr\u00f3cz sierpnia \u2013 przerwa wakacyjna) o godz. 11.00 w siedzibie ZR Podbeskidzie.<\/p><p><strong>Cieszyn<\/strong>\u00a0\u2013\u00a0<strong>pierwszy czwartek miesi\u0105ca<\/strong>\u00a0o godz.\u00a0<b>14.30\u00a0<\/b>w siedzibie Oddzia\u0142u.<\/p><p><strong>O\u015bwi\u0119cim<\/strong>\u00a0\u2013\u00a0<strong>pierwsza \u015broda miesi\u0105ca<\/strong>\u00a0o godz.\u00a0<strong>14:30<\/strong>\u00a0w siedzibie Oddzia\u0142u.<br \/><b><\/b><\/p><p><b>Skocz\u00f3w \u2013 pierwszy czwartek miesi\u0105ca\u00a0<\/b>o godz.\u00a0<b>11.30<\/b>\u00a0w siedzibie Oddzia\u0142u.<br \/><b><\/b><\/p><p><b>Sucha Beskidzka \u2013 pierwszy wtorek miesi\u0105ca\u00a0<\/b>o godz.\u00a0<b>9.00<\/b>\u00a0w Nadle\u015bnictwie Sucha.<\/p><p><strong>\u017bywiec \u2013 pierwszy wtorek<\/strong>\u00a0<strong>miesi\u0105ca<\/strong>\u00a0o godz.\u00a0<strong>12.00\u00a0<\/strong>w siedzibie Oddzia\u0142u.<\/p>\t\t\t\t\t\t\t\t<\/div>\n\t\t\t\t<\/div>\n\t\t\t\t\t<\/div>\n\t\t<\/div>\n\t\t\t\t\t<\/div>\n\t\t<\/section>\n\t\t\t\t<\/div>\n\t\t","protected":false},"excerpt":{"rendered":"<p>Terminy spotka\u0144 z przewodnicz\u0105cymi Zapraszamy wszystkich przewodnicz\u0105cych organizacji zwi\u0105zkowych NSZZ \u201eS\u201d\u00a0skupionych w Oddzia\u0142ach lub osoby oddelegowane przez przewodnicz\u0105cego\u00a0do brania udzia\u0142u w comiesi\u0119cznych spotkaniach. Bielsko-Bia\u0142a i Czechowice-Dziedzice \u2013 pierwszy poniedzia\u0142ek miesi\u0105ca\u00a0(opr\u00f3cz sierpnia \u2013 przerwa wakacyjna) o godz. 11.00 w siedzibie ZR Podbeskidzie. Cieszyn\u00a0\u2013\u00a0pierwszy czwartek miesi\u0105ca\u00a0o godz.\u00a014.30\u00a0w siedzibie Oddzia\u0142u. O\u015bwi\u0119cim\u00a0\u2013\u00a0pierwsza \u015broda miesi\u0105ca\u00a0o godz.\u00a014:30\u00a0w siedzibie Oddzia\u0142u. Skocz\u00f3w \u2013 [&hellip;]<\/p>\n","protected":false},"author":1,"featured_media":0,"parent":39036,"menu_order":0,"comment_status":"closed","ping_status":"closed","template":"","meta":{"footnotes":""},"class_list":["post-41854","page","type-page","status-publish","hentry"],"_links":{"self":[{"href":"https:\/\/www.solidarnosc.org.pl\/bbial\/wp-json\/wp\/v2\/pages\/41854","targetHints":{"allow":["GET"]}}],"collection":[{"href":"https:\/\/www.solidarnosc.org.pl\/bbial\/wp-json\/wp\/v2\/pages"}],"about":[{"href":"https:\/\/www.solidarnosc.org.pl\/bbial\/wp-json\/wp\/v2\/types\/page"}],"author":[{"embeddable":true,"href":"https:\/\/www.solidarnosc.org.pl\/bbial\/wp-json\/wp\/v2\/users\/1"}],"replies":[{"embeddable":true,"href":"https:\/\/www.solidarnosc.org.pl\/bbial\/wp-json\/wp\/v2\/comments?post=41854"}],"version-history":[{"count":8,"href":"https:\/\/www.solidarnosc.org.pl\/bbial\/wp-json\/wp\/v2\/pages\/41854\/revisions"}],"predecessor-version":[{"id":41940,"href":"https:\/\/www.solidarnosc.org.pl\/bbial\/wp-json\/wp\/v2\/pages\/41854\/revisions\/41940"}],"up":[{"embeddable":true,"href":"https:\/\/www.solidarnosc.org.pl\/bbial\/wp-json\/wp\/v2\/pages\/39036"}],"wp:attachment":[{"href":"https:\/\/www.solidarnosc.org.pl\/bbial\/wp-json\/wp\/v2\/media?parent=41854"}],"curies":[{"name":"wp","href":"https:\/\/api.w.org\/{rel}","templated":true}]}}