{"id":39052,"date":"2024-12-13T14:52:50","date_gmt":"2024-12-13T12:52:50","guid":{"rendered":"https:\/\/www.solidarnosc.org.pl\/bbial\/?page_id=39052"},"modified":"2026-01-27T09:37:30","modified_gmt":"2026-01-27T07:37:30","slug":"aktualnosci-klubu-sip","status":"publish","type":"page","link":"https:\/\/www.solidarnosc.org.pl\/bbial\/aktualnosci-klubu-sip\/","title":{"rendered":"Aktualno\u015bci Klubu SIP"},"content":{"rendered":"\t\t<div data-elementor-type=\"wp-page\" data-elementor-id=\"39052\" class=\"elementor elementor-39052\" data-elementor-post-type=\"page\">\n\t\t\t\t\t\t<section class=\"elementor-section elementor-top-section elementor-element elementor-element-fb64ceb elementor-section-boxed elementor-section-height-default elementor-section-height-default\" data-id=\"fb64ceb\" data-element_type=\"section\" data-e-type=\"section\">\n\t\t\t\t\t\t<div class=\"elementor-container elementor-column-gap-default\">\n\t\t\t\t\t<div class=\"elementor-column elementor-col-50 elementor-top-column elementor-element elementor-element-23e1974\" data-id=\"23e1974\" data-element_type=\"column\" data-e-type=\"column\">\n\t\t\t<div class=\"elementor-widget-wrap elementor-element-populated\">\n\t\t\t\t\t\t<div class=\"elementor-element elementor-element-551a1aa elementor-widget elementor-widget-text-editor\" data-id=\"551a1aa\" data-element_type=\"widget\" data-e-type=\"widget\" data-widget_type=\"text-editor.default\">\n\t\t\t\t<div class=\"elementor-widget-container\">\n\t\t\t\t\t\t\t\t\t<p><b>Wype\u0142niaj\u0105c statutowe uprawnienia, w trosce o zwi\u0119kszenie ochrony cz\u0142owieka w \u015brodowisku, Zarz\u0105d Regionu Podbeskidzie NSZZ \u201eSolidarno\u015b\u0107\u201d powo\u0142a\u0142 Klub Spo\u0142ecznego Inspektora Pracy.<\/b><\/p><div class=\"su-divider su-divider-style-default\">\u00a0<\/div><h3>PREZYDIUM KLUBU\u00a0<\/h3><hr \/><p>Cz\u0142onkowie Prezydium Klubu SIP:<\/p><p>Przewodnicz\u0105cy Klubu SIP \u2013\u00a0<strong>Krzysztof Talaga<\/strong>\u00a0(Enersys) \u2013 kontakt:\u00a0<strong>601\u00a0929\u00a0475<\/strong><br \/>Wiceprzewodnicz\u0105cy Klubu SIP \u2013\u00a0<strong>Rafa\u0142 Tyra\u0142a<\/strong>\u00a0(Proseat)<br \/>Sekretarz \u2013 Krzysztof Nowak (\u017bywiec Zdr\u00f3j)<br \/>Cz\u0142onek \u2013 Robert Motyka (Celma Indukta S.A. Bielsko-Bia\u0142a)<br \/>Cz\u0142onek \u2013 Jacek Pietyra (ABB)<\/p><div class=\"su-divider su-divider-style-default\">\u00a0<\/div><h3>CELE KLUBU<\/h3><hr \/><ol><li>Pomoc organizacjom zwi\u0105zkowym w zakresie prawnej ochrony pracy, we wsp\u00f3\u0142dzia\u0142aniu z Pa\u0144stwow\u0105 Inspekcj\u0105 Pracy, w wyborach spo\u0142ecznych inspektor\u00f3w pracy, w organizacji pracy i kierowaniu prac\u0105 spo\u0142ecznych inspektor\u00f3w pracy \u2013 szkolenia, seminaria, warsztaty.<\/li><li>Przygotowanie spo\u0142ecznych inspektor\u00f3w pracy do pe\u0142nienia aktywnej roli w ramach ich kompetencji.<\/li><li>Inicjowanie i wsp\u00f3\u0142udzia\u0142 w akcjach i konkursach na temat ochrony pracy i zagadnie\u0144 BHP.<\/li><li>Przekazywanie informacji pomi\u0119dzy Pa\u0144stwow\u0105 Inspekcj\u0105 Pracy, NSZZ \u201eSOLIDARNO\u015a\u0106\u201d, a spo\u0142ecznymi inspektorami pracy.<\/li><\/ol>\t\t\t\t\t\t\t\t<\/div>\n\t\t\t\t<\/div>\n\t\t\t\t<div class=\"elementor-element elementor-element-57ce8ab elementor-grid-2 elementor-grid-tablet-2 elementor-grid-mobile-1 elementor-posts--thumbnail-top elementor-posts--show-avatar elementor-card-shadow-yes elementor-posts__hover-gradient elementor-widget elementor-widget-posts\" data-id=\"57ce8ab\" data-element_type=\"widget\" data-e-type=\"widget\" data-settings=\"{&quot;pagination_type&quot;:&quot;numbers&quot;,&quot;cards_columns&quot;:&quot;2&quot;,&quot;cards_columns_tablet&quot;:&quot;2&quot;,&quot;cards_columns_mobile&quot;:&quot;1&quot;,&quot;cards_row_gap&quot;:{&quot;unit&quot;:&quot;px&quot;,&quot;size&quot;:35,&quot;sizes&quot;:[]},&quot;cards_row_gap_tablet&quot;:{&quot;unit&quot;:&quot;px&quot;,&quot;size&quot;:&quot;&quot;,&quot;sizes&quot;:[]},&quot;cards_row_gap_mobile&quot;:{&quot;unit&quot;:&quot;px&quot;,&quot;size&quot;:&quot;&quot;,&quot;sizes&quot;:[]}}\" data-widget_type=\"posts.cards\">\n\t\t\t\t<div class=\"elementor-widget-container\">\n\t\t\t\t\t\t\t<div class=\"elementor-posts-container elementor-posts elementor-posts--skin-cards elementor-grid\">\n\t\t\t\t<article class=\"elementor-post elementor-grid-item post-46815 post type-post status-publish format-standard has-post-thumbnail hentry category-klub-sip category-solidarnosc tag-bhp tag-seminarium tag-sip\">\n\t\t\t<div class=\"elementor-post__card\">\n\t\t\t\t<a class=\"elementor-post__thumbnail__link\" href=\"https:\/\/www.solidarnosc.org.pl\/bbial\/seminarium-bhp-w-swiatowym-dniu-pamieci-ofiar-wypadkow-przy-pracy\/\" tabindex=\"-1\" ><div class=\"elementor-post__thumbnail\"><img fetchpriority=\"high\" decoding=\"async\" width=\"400\" height=\"283\" src=\"https:\/\/www.solidarnosc.org.pl\/bbial\/wp-content\/uploads\/2026\/04\/bhp-04-400x283.jpg\" class=\"attachment-medium size-medium wp-image-46813\" alt=\"\" srcset=\"https:\/\/www.solidarnosc.org.pl\/bbial\/wp-content\/uploads\/2026\/04\/bhp-04-400x283.jpg 400w, https:\/\/www.solidarnosc.org.pl\/bbial\/wp-content\/uploads\/2026\/04\/bhp-04-1024x726.jpg 1024w, https:\/\/www.solidarnosc.org.pl\/bbial\/wp-content\/uploads\/2026\/04\/bhp-04-768x544.jpg 768w, https:\/\/www.solidarnosc.org.pl\/bbial\/wp-content\/uploads\/2026\/04\/bhp-04.jpg 1050w\" sizes=\"(max-width: 400px) 100vw, 400px\" \/><\/div><\/a>\n\t\t\t\t<div class=\"elementor-post__badge\">Klub SIP<\/div>\n\t\t\t\t<div class=\"elementor-post__avatar\">\n\t\t\t\t\t<\/div>\n\t\t\t\t<div class=\"elementor-post__text\">\n\t\t\t\t<h3 class=\"elementor-post__title\">\n\t\t\t<a href=\"https:\/\/www.solidarnosc.org.pl\/bbial\/seminarium-bhp-w-swiatowym-dniu-pamieci-ofiar-wypadkow-przy-pracy\/\" >\n\t\t\t\tSeminarium BHP w \u015awiatowym Dniu Pami\u0119ci Ofiar Wypadk\u00f3w przy Pracy\t\t\t<\/a>\n\t\t<\/h3>\n\t\t\n\t\t<a class=\"elementor-post__read-more\" href=\"https:\/\/www.solidarnosc.org.pl\/bbial\/seminarium-bhp-w-swiatowym-dniu-pamieci-ofiar-wypadkow-przy-pracy\/\" aria-label=\"Read more about Seminarium BHP w \u015awiatowym Dniu Pami\u0119ci Ofiar Wypadk\u00f3w przy Pracy\" tabindex=\"-1\" >\n\t\t\t&gt; CZYTAJ CA\u0141O\u015a\u0106\t\t<\/a>\n\n\t\t\t\t<\/div>\n\t\t\t\t<div class=\"elementor-post__meta-data\">\n\t\t\t\t\t<span class=\"elementor-post-date\">\n\t\t\t28 kwietnia, 2026\t\t<\/span>\n\t\t\t\t<\/div>\n\t\t\t\t\t<\/div>\n\t\t<\/article>\n\t\t\t\t<article class=\"elementor-post elementor-grid-item post-46564 post type-post status-publish format-standard has-post-thumbnail hentry category-klub-sip category-solidarnosc\">\n\t\t\t<div class=\"elementor-post__card\">\n\t\t\t\t<a class=\"elementor-post__thumbnail__link\" href=\"https:\/\/www.solidarnosc.org.pl\/bbial\/swiatowy-dzien-pamieci-ofiar-wypadkow-przy-pracy-i-chorob-zawodowych-2\/\" tabindex=\"-1\" ><div class=\"elementor-post__thumbnail\"><img decoding=\"async\" width=\"400\" height=\"267\" src=\"https:\/\/www.solidarnosc.org.pl\/bbial\/wp-content\/uploads\/2026\/04\/SIP-PIP-foto-400x267.jpg\" class=\"attachment-medium size-medium wp-image-46565\" alt=\"\" srcset=\"https:\/\/www.solidarnosc.org.pl\/bbial\/wp-content\/uploads\/2026\/04\/SIP-PIP-foto-400x267.jpg 400w, https:\/\/www.solidarnosc.org.pl\/bbial\/wp-content\/uploads\/2026\/04\/SIP-PIP-foto-768x512.jpg 768w, https:\/\/www.solidarnosc.org.pl\/bbial\/wp-content\/uploads\/2026\/04\/SIP-PIP-foto.jpg 1024w\" sizes=\"(max-width: 400px) 100vw, 400px\" \/><\/div><\/a>\n\t\t\t\t<div class=\"elementor-post__badge\">Klub SIP<\/div>\n\t\t\t\t<div class=\"elementor-post__avatar\">\n\t\t\t\t\t<\/div>\n\t\t\t\t<div class=\"elementor-post__text\">\n\t\t\t\t<h3 class=\"elementor-post__title\">\n\t\t\t<a href=\"https:\/\/www.solidarnosc.org.pl\/bbial\/swiatowy-dzien-pamieci-ofiar-wypadkow-przy-pracy-i-chorob-zawodowych-2\/\" >\n\t\t\t\t\u015awiatowy Dzie\u0144 Pami\u0119ci Ofiar Wypadk\u00f3w przy Pracy i Chor\u00f3b Zawodowych\t\t\t<\/a>\n\t\t<\/h3>\n\t\t\n\t\t<a class=\"elementor-post__read-more\" href=\"https:\/\/www.solidarnosc.org.pl\/bbial\/swiatowy-dzien-pamieci-ofiar-wypadkow-przy-pracy-i-chorob-zawodowych-2\/\" aria-label=\"Read more about \u015awiatowy Dzie\u0144 Pami\u0119ci Ofiar Wypadk\u00f3w przy Pracy i Chor\u00f3b Zawodowych\" tabindex=\"-1\" >\n\t\t\t&gt; CZYTAJ CA\u0141O\u015a\u0106\t\t<\/a>\n\n\t\t\t\t<\/div>\n\t\t\t\t<div class=\"elementor-post__meta-data\">\n\t\t\t\t\t<span class=\"elementor-post-date\">\n\t\t\t7 kwietnia, 2026\t\t<\/span>\n\t\t\t\t<\/div>\n\t\t\t\t\t<\/div>\n\t\t<\/article>\n\t\t\t\t<article class=\"elementor-post elementor-grid-item post-44530 post type-post status-publish format-standard has-post-thumbnail hentry category-klub-sip category-solidarnosc\">\n\t\t\t<div class=\"elementor-post__card\">\n\t\t\t\t<a class=\"elementor-post__thumbnail__link\" href=\"https:\/\/www.solidarnosc.org.pl\/bbial\/seminarium-dla-spolecznych-inspektorow-pracy\/\" tabindex=\"-1\" ><div class=\"elementor-post__thumbnail\"><img decoding=\"async\" width=\"213\" height=\"400\" src=\"https:\/\/www.solidarnosc.org.pl\/bbial\/wp-content\/uploads\/2025\/10\/SIP-213x400.jpg\" class=\"attachment-medium size-medium wp-image-44528\" alt=\"\" srcset=\"https:\/\/www.solidarnosc.org.pl\/bbial\/wp-content\/uploads\/2025\/10\/SIP-213x400.jpg 213w, https:\/\/www.solidarnosc.org.pl\/bbial\/wp-content\/uploads\/2025\/10\/SIP.jpg 359w\" sizes=\"(max-width: 213px) 100vw, 213px\" \/><\/div><\/a>\n\t\t\t\t<div class=\"elementor-post__badge\">Klub SIP<\/div>\n\t\t\t\t<div class=\"elementor-post__avatar\">\n\t\t\t\t\t<\/div>\n\t\t\t\t<div class=\"elementor-post__text\">\n\t\t\t\t<h3 class=\"elementor-post__title\">\n\t\t\t<a href=\"https:\/\/www.solidarnosc.org.pl\/bbial\/seminarium-dla-spolecznych-inspektorow-pracy\/\" >\n\t\t\t\tSeminarium dla Spo\u0142ecznych Inspektor\u00f3w Pracy\t\t\t<\/a>\n\t\t<\/h3>\n\t\t\n\t\t<a class=\"elementor-post__read-more\" href=\"https:\/\/www.solidarnosc.org.pl\/bbial\/seminarium-dla-spolecznych-inspektorow-pracy\/\" aria-label=\"Read more about Seminarium dla Spo\u0142ecznych Inspektor\u00f3w Pracy\" tabindex=\"-1\" >\n\t\t\t&gt; CZYTAJ CA\u0141O\u015a\u0106\t\t<\/a>\n\n\t\t\t\t<\/div>\n\t\t\t\t<div class=\"elementor-post__meta-data\">\n\t\t\t\t\t<span class=\"elementor-post-date\">\n\t\t\t6 pa\u017adziernika, 2025\t\t<\/span>\n\t\t\t\t<\/div>\n\t\t\t\t\t<\/div>\n\t\t<\/article>\n\t\t\t\t<article class=\"elementor-post elementor-grid-item post-43712 post type-post status-publish format-standard has-post-thumbnail hentry category-klub-sip category-solidarnosc tag-bhp tag-seminarium tag-sip tag-wypadki\">\n\t\t\t<div class=\"elementor-post__card\">\n\t\t\t\t<a class=\"elementor-post__thumbnail__link\" href=\"https:\/\/www.solidarnosc.org.pl\/bbial\/solidarnosc-pamieta-o-bezpiecznej-pracy\/\" tabindex=\"-1\" ><div class=\"elementor-post__thumbnail\"><img loading=\"lazy\" decoding=\"async\" width=\"300\" height=\"213\" src=\"https:\/\/www.solidarnosc.org.pl\/bbial\/wp-content\/uploads\/2023\/04\/bhp-04-1-300x213.jpg\" class=\"attachment-medium size-medium wp-image-31480\" alt=\"\" srcset=\"https:\/\/www.solidarnosc.org.pl\/bbial\/wp-content\/uploads\/2023\/04\/bhp-04-1-300x213.jpg 300w, https:\/\/www.solidarnosc.org.pl\/bbial\/wp-content\/uploads\/2023\/04\/bhp-04-1-1024x726.jpg 1024w, https:\/\/www.solidarnosc.org.pl\/bbial\/wp-content\/uploads\/2023\/04\/bhp-04-1-768x544.jpg 768w, https:\/\/www.solidarnosc.org.pl\/bbial\/wp-content\/uploads\/2023\/04\/bhp-04-1.jpg 1050w\" sizes=\"(max-width: 300px) 100vw, 300px\" \/><\/div><\/a>\n\t\t\t\t<div class=\"elementor-post__badge\">Klub SIP<\/div>\n\t\t\t\t<div class=\"elementor-post__avatar\">\n\t\t\t\t\t<\/div>\n\t\t\t\t<div class=\"elementor-post__text\">\n\t\t\t\t<h3 class=\"elementor-post__title\">\n\t\t\t<a href=\"https:\/\/www.solidarnosc.org.pl\/bbial\/solidarnosc-pamieta-o-bezpiecznej-pracy\/\" >\n\t\t\t\tSolidarno\u015b\u0107 pami\u0119ta o bezpiecznej pracy\t\t\t<\/a>\n\t\t<\/h3>\n\t\t\n\t\t<a class=\"elementor-post__read-more\" href=\"https:\/\/www.solidarnosc.org.pl\/bbial\/solidarnosc-pamieta-o-bezpiecznej-pracy\/\" aria-label=\"Read more about Solidarno\u015b\u0107 pami\u0119ta o bezpiecznej pracy\" tabindex=\"-1\" >\n\t\t\t&gt; CZYTAJ CA\u0141O\u015a\u0106\t\t<\/a>\n\n\t\t\t\t<\/div>\n\t\t\t\t<div class=\"elementor-post__meta-data\">\n\t\t\t\t\t<span class=\"elementor-post-date\">\n\t\t\t28 kwietnia, 2025\t\t<\/span>\n\t\t\t\t<\/div>\n\t\t\t\t\t<\/div>\n\t\t<\/article>\n\t\t\t\t<article class=\"elementor-post elementor-grid-item post-37481 post type-post status-publish format-standard has-post-thumbnail hentry category-klub-sip category-solidarnosc tag-konkurs tag-najaktywniejsi tag-pip tag-sip\">\n\t\t\t<div class=\"elementor-post__card\">\n\t\t\t\t<a class=\"elementor-post__thumbnail__link\" href=\"https:\/\/www.solidarnosc.org.pl\/bbial\/rozstrzygnieto-konkursy-panstwowej-inspekcji-pracy\/\" tabindex=\"-1\" ><div class=\"elementor-post__thumbnail\"><img loading=\"lazy\" decoding=\"async\" width=\"300\" height=\"200\" src=\"https:\/\/www.solidarnosc.org.pl\/bbial\/wp-content\/uploads\/2024\/12\/SIP-PIP-1-1-300x200.jpg\" class=\"attachment-medium size-medium wp-image-41348\" alt=\"\" srcset=\"https:\/\/www.solidarnosc.org.pl\/bbial\/wp-content\/uploads\/2024\/12\/SIP-PIP-1-1-300x200.jpg 300w, https:\/\/www.solidarnosc.org.pl\/bbial\/wp-content\/uploads\/2024\/12\/SIP-PIP-1-1-768x512.jpg 768w, https:\/\/www.solidarnosc.org.pl\/bbial\/wp-content\/uploads\/2024\/12\/SIP-PIP-1-1.jpg 1024w\" sizes=\"(max-width: 300px) 100vw, 300px\" \/><\/div><\/a>\n\t\t\t\t<div class=\"elementor-post__badge\">Klub SIP<\/div>\n\t\t\t\t<div class=\"elementor-post__avatar\">\n\t\t\t\t\t<\/div>\n\t\t\t\t<div class=\"elementor-post__text\">\n\t\t\t\t<h3 class=\"elementor-post__title\">\n\t\t\t<a href=\"https:\/\/www.solidarnosc.org.pl\/bbial\/rozstrzygnieto-konkursy-panstwowej-inspekcji-pracy\/\" >\n\t\t\t\tRozstrzygni\u0119to konkursy Pa\u0144stwowej Inspekcji Pracy\t\t\t<\/a>\n\t\t<\/h3>\n\t\t\n\t\t<a class=\"elementor-post__read-more\" href=\"https:\/\/www.solidarnosc.org.pl\/bbial\/rozstrzygnieto-konkursy-panstwowej-inspekcji-pracy\/\" aria-label=\"Read more about Rozstrzygni\u0119to konkursy Pa\u0144stwowej Inspekcji Pracy\" tabindex=\"-1\" >\n\t\t\t&gt; CZYTAJ CA\u0141O\u015a\u0106\t\t<\/a>\n\n\t\t\t\t<\/div>\n\t\t\t\t<div class=\"elementor-post__meta-data\">\n\t\t\t\t\t<span class=\"elementor-post-date\">\n\t\t\t28 pa\u017adziernika, 2024\t\t<\/span>\n\t\t\t\t<\/div>\n\t\t\t\t\t<\/div>\n\t\t<\/article>\n\t\t\t\t<article class=\"elementor-post elementor-grid-item post-37293 post type-post status-publish format-standard has-post-thumbnail hentry category-cieszyn category-klub-sip category-oddzialy category-oswiecim category-pozostale category-skoczow category-solidarnosc category-sucha-beskidzka category-szkolenia category-zywiec tag-klub-sip tag-spoleczna-inspekcja-pracy tag-szkolenie\">\n\t\t\t<div class=\"elementor-post__card\">\n\t\t\t\t<a class=\"elementor-post__thumbnail__link\" href=\"https:\/\/www.solidarnosc.org.pl\/bbial\/szkolenie-dla-spolecznych-inspektorow-pracy-oraz-przedstawicieli-zwiazkow-zawodowych-w-komisji-bhp-2024r\/\" tabindex=\"-1\" ><div class=\"elementor-post__thumbnail\"><img loading=\"lazy\" decoding=\"async\" width=\"300\" height=\"200\" src=\"https:\/\/www.solidarnosc.org.pl\/bbial\/wp-content\/uploads\/2024\/12\/SIP-PIP-3-300x200.jpg\" class=\"attachment-medium size-medium wp-image-41232\" alt=\"\" srcset=\"https:\/\/www.solidarnosc.org.pl\/bbial\/wp-content\/uploads\/2024\/12\/SIP-PIP-3-300x200.jpg 300w, https:\/\/www.solidarnosc.org.pl\/bbial\/wp-content\/uploads\/2024\/12\/SIP-PIP-3-768x512.jpg 768w, https:\/\/www.solidarnosc.org.pl\/bbial\/wp-content\/uploads\/2024\/12\/SIP-PIP-3.jpg 1024w\" sizes=\"(max-width: 300px) 100vw, 300px\" \/><\/div><\/a>\n\t\t\t\t<div class=\"elementor-post__badge\">Cieszyn<\/div>\n\t\t\t\t<div class=\"elementor-post__avatar\">\n\t\t\t\t\t<\/div>\n\t\t\t\t<div class=\"elementor-post__text\">\n\t\t\t\t<h3 class=\"elementor-post__title\">\n\t\t\t<a href=\"https:\/\/www.solidarnosc.org.pl\/bbial\/szkolenie-dla-spolecznych-inspektorow-pracy-oraz-przedstawicieli-zwiazkow-zawodowych-w-komisji-bhp-2024r\/\" >\n\t\t\t\tSzkolenie dla Spo\u0142ecznych Inspektor\u00f3w Pracy oraz przedstawicieli Zwi\u0105zk\u00f3w Zawodowych w Komisji BHP 2024r.\t\t\t<\/a>\n\t\t<\/h3>\n\t\t\n\t\t<a class=\"elementor-post__read-more\" href=\"https:\/\/www.solidarnosc.org.pl\/bbial\/szkolenie-dla-spolecznych-inspektorow-pracy-oraz-przedstawicieli-zwiazkow-zawodowych-w-komisji-bhp-2024r\/\" aria-label=\"Read more about Szkolenie dla Spo\u0142ecznych Inspektor\u00f3w Pracy oraz przedstawicieli Zwi\u0105zk\u00f3w Zawodowych w Komisji BHP 2024r.\" tabindex=\"-1\" >\n\t\t\t&gt; CZYTAJ CA\u0141O\u015a\u0106\t\t<\/a>\n\n\t\t\t\t<\/div>\n\t\t\t\t<div class=\"elementor-post__meta-data\">\n\t\t\t\t\t<span class=\"elementor-post-date\">\n\t\t\t1 pa\u017adziernika, 2024\t\t<\/span>\n\t\t\t\t<\/div>\n\t\t\t\t\t<\/div>\n\t\t<\/article>\n\t\t\t\t<article class=\"elementor-post elementor-grid-item post-40521 post type-post status-publish format-standard has-post-thumbnail hentry category-klub-sip category-solidarnosc category-szkolenia tag-bhp tag-choroby-zawodowe tag-pip tag-seminarium tag-sip tag-wypadki-przy-pracy\">\n\t\t\t<div class=\"elementor-post__card\">\n\t\t\t\t<a class=\"elementor-post__thumbnail__link\" href=\"https:\/\/www.solidarnosc.org.pl\/bbial\/by-wypadkow-przy-pracy-bylo-mniej\/\" tabindex=\"-1\" ><div class=\"elementor-post__thumbnail\"><img loading=\"lazy\" decoding=\"async\" width=\"300\" height=\"186\" src=\"https:\/\/www.solidarnosc.org.pl\/bbial\/wp-content\/uploads\/2024\/12\/Pamieci-ofiar-wypadkow-przy-pracy-1-300x186.jpg\" class=\"attachment-medium size-medium wp-image-40540\" alt=\"\" srcset=\"https:\/\/www.solidarnosc.org.pl\/bbial\/wp-content\/uploads\/2024\/12\/Pamieci-ofiar-wypadkow-przy-pracy-1-300x186.jpg 300w, https:\/\/www.solidarnosc.org.pl\/bbial\/wp-content\/uploads\/2024\/12\/Pamieci-ofiar-wypadkow-przy-pracy-1.jpg 713w\" sizes=\"(max-width: 300px) 100vw, 300px\" \/><\/div><\/a>\n\t\t\t\t<div class=\"elementor-post__badge\">Klub SIP<\/div>\n\t\t\t\t<div class=\"elementor-post__avatar\">\n\t\t\t\t\t<\/div>\n\t\t\t\t<div class=\"elementor-post__text\">\n\t\t\t\t<h3 class=\"elementor-post__title\">\n\t\t\t<a href=\"https:\/\/www.solidarnosc.org.pl\/bbial\/by-wypadkow-przy-pracy-bylo-mniej\/\" >\n\t\t\t\tBy wypadk\u00f3w przy pracy by\u0142o mniej&#8230;\t\t\t<\/a>\n\t\t<\/h3>\n\t\t\n\t\t<a class=\"elementor-post__read-more\" href=\"https:\/\/www.solidarnosc.org.pl\/bbial\/by-wypadkow-przy-pracy-bylo-mniej\/\" aria-label=\"Read more about By wypadk\u00f3w przy pracy by\u0142o mniej&#8230;\" tabindex=\"-1\" >\n\t\t\t&gt; CZYTAJ CA\u0141O\u015a\u0106\t\t<\/a>\n\n\t\t\t\t<\/div>\n\t\t\t\t<div class=\"elementor-post__meta-data\">\n\t\t\t\t\t<span class=\"elementor-post-date\">\n\t\t\t26 kwietnia, 2024\t\t<\/span>\n\t\t\t\t<\/div>\n\t\t\t\t\t<\/div>\n\t\t<\/article>\n\t\t\t\t<article class=\"elementor-post elementor-grid-item post-40335 post type-post status-publish format-standard has-post-thumbnail hentry category-cieszyn category-klub-sip category-oddzialy category-oswiecim category-skoczow category-solidarnosc category-sucha-beskidzka category-zywiec tag-klub-sip tag-seminarium tag-swiatowy-dzien-pamieci-ofiar-wypadkow-przy-pracy-i-chorob-zawodowych\">\n\t\t\t<div class=\"elementor-post__card\">\n\t\t\t\t<a class=\"elementor-post__thumbnail__link\" href=\"https:\/\/www.solidarnosc.org.pl\/bbial\/seminarium-spolecznych-inspektorow-pracy-klub-sip\/\" tabindex=\"-1\" ><div class=\"elementor-post__thumbnail\"><img loading=\"lazy\" decoding=\"async\" width=\"300\" height=\"200\" src=\"https:\/\/www.solidarnosc.org.pl\/bbial\/wp-content\/uploads\/2024\/12\/SIP-PIP-300x200.jpg\" class=\"attachment-medium size-medium wp-image-40339\" alt=\"\" srcset=\"https:\/\/www.solidarnosc.org.pl\/bbial\/wp-content\/uploads\/2024\/12\/SIP-PIP-300x200.jpg 300w, https:\/\/www.solidarnosc.org.pl\/bbial\/wp-content\/uploads\/2024\/12\/SIP-PIP-768x512.jpg 768w, https:\/\/www.solidarnosc.org.pl\/bbial\/wp-content\/uploads\/2024\/12\/SIP-PIP.jpg 1024w\" sizes=\"(max-width: 300px) 100vw, 300px\" \/><\/div><\/a>\n\t\t\t\t<div class=\"elementor-post__badge\">Cieszyn<\/div>\n\t\t\t\t<div class=\"elementor-post__avatar\">\n\t\t\t\t\t<\/div>\n\t\t\t\t<div class=\"elementor-post__text\">\n\t\t\t\t<h3 class=\"elementor-post__title\">\n\t\t\t<a href=\"https:\/\/www.solidarnosc.org.pl\/bbial\/seminarium-spolecznych-inspektorow-pracy-klub-sip\/\" >\n\t\t\t\tSeminarium Spo\u0142ecznych Inspektor\u00f3w Pracy &#8211; Klub SIP\t\t\t<\/a>\n\t\t<\/h3>\n\t\t\n\t\t<a class=\"elementor-post__read-more\" href=\"https:\/\/www.solidarnosc.org.pl\/bbial\/seminarium-spolecznych-inspektorow-pracy-klub-sip\/\" aria-label=\"Read more about Seminarium Spo\u0142ecznych Inspektor\u00f3w Pracy &#8211; Klub SIP\" tabindex=\"-1\" >\n\t\t\t&gt; CZYTAJ CA\u0141O\u015a\u0106\t\t<\/a>\n\n\t\t\t\t<\/div>\n\t\t\t\t<div class=\"elementor-post__meta-data\">\n\t\t\t\t\t<span class=\"elementor-post-date\">\n\t\t\t3 kwietnia, 2024\t\t<\/span>\n\t\t\t\t<\/div>\n\t\t\t\t\t<\/div>\n\t\t<\/article>\n\t\t\t\t<\/div>\n\t\t\n\t\t\t\t\t\t<\/div>\n\t\t\t\t<\/div>\n\t\t\t\t\t<\/div>\n\t\t<\/div>\n\t\t\t\t<div class=\"elementor-column elementor-col-50 elementor-top-column elementor-element elementor-element-40572f0\" data-id=\"40572f0\" data-element_type=\"column\" data-e-type=\"column\">\n\t\t\t<div class=\"elementor-widget-wrap elementor-element-populated\">\n\t\t\t\t\t\t<div class=\"elementor-element elementor-element-fb2488d elementor-widget elementor-widget-text-editor\" data-id=\"fb2488d\" data-element_type=\"widget\" data-e-type=\"widget\" data-widget_type=\"text-editor.default\">\n\t\t\t\t<div class=\"elementor-widget-container\">\n\t\t\t\t\t\t\t\t\t<p><b>SPO\u0141ECZNI INSPEKTORZY PRACY DZIA\u0141AJ\u0104 W:<\/b><\/p>\t\t\t\t\t\t\t\t<\/div>\n\t\t\t\t<\/div>\n\t\t\t\t<div class=\"elementor-element elementor-element-ce20db1 elementor-widget elementor-widget-text-editor\" data-id=\"ce20db1\" data-element_type=\"widget\" data-e-type=\"widget\" data-widget_type=\"text-editor.default\">\n\t\t\t\t<div class=\"elementor-widget-container\">\n\t\t\t\t\t\t\t\t\t<ol><li>ABB \u2013 Apena<\/li><li>Adler Polska Sp. z o.o.<\/li><li>Aluprof SA<\/li><li>APTIV SERVICES POLAND S.A.<\/li><li>ASK Poland<\/li><li>Bielsko-Bialski O\u015brodek Sportu i Rekreacji<\/li><li>BULTEN POLSKA \u2013 SHILOH<\/li><li>BZO Befado SA<\/li><li>CELMA-INDUKTA SA<\/li><li>COOPER STANDARD POLSKA Sp. z o.o.<\/li><li>DALKIA INDUSTRY<\/li><li>EKOTERM Sp. z o.o. \u017bywiec<\/li><li>ENERSYS Sp. z o.o.<\/li><li>Grammer Automotive Polska<\/li><li>Hutchinson Poland<\/li><li>KONTAKT-SIMON SA<\/li><li>LOTOS Terminale SA<\/li><li>Miejski O\u015brodek Sportu i Rekreacji O\u015bwi\u0119cim<\/li><li>MZK Bielsko-Bia\u0142a<\/li><li>Nadle\u015bnictwo Sucha Beskidzka<\/li><li>O\u015brodek Kultury Brzeszcze<\/li><li>PG Silesia Sp. z o.o.<\/li><li>PGE Energia Odnawialna SA Oddzia\u0142 ZEW Por\u0105bka \u2013 \u017bar<\/li><li>PK Therma Sp. z o.o.<\/li><li>PPG Polifarb Cieszyn SA<\/li><li>Starostwo O\u015bwi\u0119cim<\/li><li>TAURON CIEP\u0141O Sekcja Eksploatacji Bielsko-Bia\u0142a<\/li><li>Urz\u0105d Miasta O\u015bwi\u0119cim<\/li><li>ZEC Energoservice Sp. z o.o.<\/li><li>ZF Steering Systems Poland Sp. z o.o.<\/li><li>ZSS Polsport<\/li><\/ol>\t\t\t\t\t\t\t\t<\/div>\n\t\t\t\t<\/div>\n\t\t\t\t<div class=\"elementor-element elementor-element-c0e6fce elementor-widget elementor-widget-text-editor\" data-id=\"c0e6fce\" data-element_type=\"widget\" data-e-type=\"widget\" data-widget_type=\"text-editor.default\">\n\t\t\t\t<div class=\"elementor-widget-container\">\n\t\t\t\t\t\t\t\t\t<p><b>DOKUMENTY:<\/b><\/p>\t\t\t\t\t\t\t\t<\/div>\n\t\t\t\t<\/div>\n\t\t\t\t<div class=\"elementor-element elementor-element-0953396 elementor-widget elementor-widget-text-editor\" data-id=\"0953396\" data-element_type=\"widget\" data-e-type=\"widget\" data-widget_type=\"text-editor.default\">\n\t\t\t\t<div class=\"elementor-widget-container\">\n\t\t\t\t\t\t\t\t\t<ul><li>Regulamin <a href=\"http:\/\/www.solidarnosc.org.pl\/bbial\/regulamin-klubu-spolecznego-inspektora-pracy\/\">DOC\u00a0<\/a>|\u00a0<a href=\"http:\/\/www.solidarnosc.org.pl\/bbial\/wp-content\/uploads\/2023\/09\/Regulamin-Klub-SIP.pdf\">PDF<\/a><\/li><li>Deklaracja <a href=\"http:\/\/www.solidarnosc.org.pl\/bbial\/deklaracja-klubu-sip-z-tel-i-e-mail-2\/\">DOC<\/a>\u00a0|\u00a0<a href=\"http:\/\/www.solidarnosc.org.pl\/bbial\/wp-content\/uploads\/2021\/06\/Deklaracja-Klubu-SIP-z-tel-i-e-mail.pdf\">PDF<\/a><\/li><\/ul>\t\t\t\t\t\t\t\t<\/div>\n\t\t\t\t<\/div>\n\t\t\t\t<div class=\"elementor-element elementor-element-e22b2dc elementor-widget elementor-widget-text-editor\" data-id=\"e22b2dc\" data-element_type=\"widget\" data-e-type=\"widget\" data-widget_type=\"text-editor.default\">\n\t\t\t\t<div class=\"elementor-widget-container\">\n\t\t\t\t\t\t\t\t\t<p><b>WA\u017bNE LINKI:<\/b><\/p>\t\t\t\t\t\t\t\t<\/div>\n\t\t\t\t<\/div>\n\t\t\t\t<div class=\"elementor-element elementor-element-a421f23 elementor-widget elementor-widget-text-editor\" data-id=\"a421f23\" data-element_type=\"widget\" data-e-type=\"widget\" data-widget_type=\"text-editor.default\">\n\t\t\t\t<div class=\"elementor-widget-container\">\n\t\t\t\t\t\t\t\t\t<ul><li><a href=\"http:\/\/www.solidarnosc.org.pl\/bbial\/pdfy\/prawo\/kodeks_pracy_2012.pdf\" target=\"blank\" rel=\"noopener\">Kodeks Pracy<\/a><\/li><li><a href=\"http:\/\/www.solidarnosc.org.pl\/bbial\/pdfy\/sip\/ustawa_sip.pdf\" target=\"blank\" rel=\"noopener\">Ustawa o spo\u0142ecznej inspekcji pracy<\/a><\/li><li><a href=\"http:\/\/www.solidarnosc.org.pl\/bbial\/pdfy\/sip\/pip.pdf\" target=\"blank\" rel=\"noopener\">Ustawa o Pa\u0144stwowej Inspekcji Pracy<\/a><\/li><li><a href=\"http:\/\/www.solidarnosc.org.pl\/bbial\/pdfy\/sip\/bhp.pdf\" target=\"blank\" rel=\"noopener\">Rozporz\u0105dzenie w sprawie og\u00f3lnych przepis\u00f3w bezpiecze\u0144stwa i higieny pracy<\/a><\/li><li><a href=\"http:\/\/www.solidarnosc.org.pl\/bbial\/pdfy\/sip\/poradnik_sip.pdf\" target=\"blank\" rel=\"noopener\">Poradnik Spo\u0142ecznego Inspektora Pracy<\/a><\/li><li><a href=\"http:\/\/www.solidarnosc.org.pl\/bbial\/pdfy\/prawo\/1prawo2011.pdf\" target=\"blank\" rel=\"noopener\">Ustawa z dnia 30 pa\u017adziernika 2002 r. o ubezpieczeniu spo\u0142ecznym z tytu\u0142u wypadk\u00f3w przy pracy i chor\u00f3b zawodowych<\/a><\/li><li><a href=\"http:\/\/www.solidarnosc.org.pl\/bbial\/pdfy\/prawo\/2prawo2011.pdf\" target=\"blank\" rel=\"noopener\">Obwieszczenie Ministra Pracy i Polityki Spo\u0142ecznej z dnia 17 lutego 2010 r. w sprawie wysoko\u015bci kwot jednorazowych odszkodowa\u0144 z tytu\u0142u wypadku przy pracy i choroby zawodowej<\/a><\/li><\/ul>\t\t\t\t\t\t\t\t<\/div>\n\t\t\t\t<\/div>\n\t\t\t\t\t<\/div>\n\t\t<\/div>\n\t\t\t\t\t<\/div>\n\t\t<\/section>\n\t\t\t\t<\/div>\n\t\t","protected":false},"excerpt":{"rendered":"<p>Wype\u0142niaj\u0105c statutowe uprawnienia, w trosce o zwi\u0119kszenie ochrony cz\u0142owieka w \u015brodowisku, Zarz\u0105d Regionu Podbeskidzie NSZZ \u201eSolidarno\u015b\u0107\u201d powo\u0142a\u0142 Klub Spo\u0142ecznego Inspektora Pracy. \u00a0 PREZYDIUM KLUBU\u00a0 Cz\u0142onkowie<\/p>\n","protected":false},"author":1,"featured_media":0,"parent":0,"menu_order":0,"comment_status":"closed","ping_status":"closed","template":"","meta":{"footnotes":""},"class_list":["post-39052","page","type-page","status-publish","hentry"],"_links":{"self":[{"href":"https:\/\/www.solidarnosc.org.pl\/bbial\/wp-json\/wp\/v2\/pages\/39052","targetHints":{"allow":["GET"]}}],"collection":[{"href":"https:\/\/www.solidarnosc.org.pl\/bbial\/wp-json\/wp\/v2\/pages"}],"about":[{"href":"https:\/\/www.solidarnosc.org.pl\/bbial\/wp-json\/wp\/v2\/types\/page"}],"author":[{"embeddable":true,"href":"https:\/\/www.solidarnosc.org.pl\/bbial\/wp-json\/wp\/v2\/users\/1"}],"replies":[{"embeddable":true,"href":"https:\/\/www.solidarnosc.org.pl\/bbial\/wp-json\/wp\/v2\/comments?post=39052"}],"version-history":[{"count":7,"href":"https:\/\/www.solidarnosc.org.pl\/bbial\/wp-json\/wp\/v2\/pages\/39052\/revisions"}],"predecessor-version":[{"id":45831,"href":"https:\/\/www.solidarnosc.org.pl\/bbial\/wp-json\/wp\/v2\/pages\/39052\/revisions\/45831"}],"wp:attachment":[{"href":"https:\/\/www.solidarnosc.org.pl\/bbial\/wp-json\/wp\/v2\/media?parent=39052"}],"curies":[{"name":"wp","href":"https:\/\/api.w.org\/{rel}","templated":true}]}}